{"id":2269,"date":"2013-06-18T20:27:59","date_gmt":"2013-06-18T20:27:59","guid":{"rendered":"http:\/\/www.kriesi.at\/themes\/enfold\/?page_id=2269"},"modified":"2018-12-17T23:41:47","modified_gmt":"2018-12-17T23:41:47","slug":"resultados","status":"publish","type":"page","link":"https:\/\/arqfam.fcsh.unl.pt\/?page_id=2269","title":{"rendered":"Resultados"},"content":{"rendered":"\n<style type=\"text\/css\" data-created_by=\"avia_inline_auto\" id=\"style-css-av-rzmwd-840a27e05d984bc6f8a5c28a1f0cee1d\">\n.avia-section.av-rzmwd-840a27e05d984bc6f8a5c28a1f0cee1d{\nbackground-color:#ffffff;\nbackground-image:unset;\n}\n.avia-section.av-rzmwd-840a27e05d984bc6f8a5c28a1f0cee1d .av-extra-border-element .av-extra-border-inner{\nbackground-color:#ffffff;\n}\n<\/style>\n<div id='av_section_1'  class='avia-section av-rzmwd-840a27e05d984bc6f8a5c28a1f0cee1d main_color avia-section-default avia-no-shadow  avia-builder-el-0  el_before_av_section  avia-builder-el-first  avia-bg-style-scroll av-arrow-down-section container_wrap fullsize'  ><div class='container av-section-cont-open' ><main  role=\"main\" itemprop=\"mainContentOfPage\"  class='template-page content  av-content-full alpha units'><div class='post-entry post-entry-type-page post-entry-2269'><div class='entry-content-wrapper clearfix'>\n\n<style type=\"text\/css\" data-created_by=\"avia_inline_auto\" id=\"style-css-av-5lvhu5-72c83dc58941f5a9e5faad0838755885\">\n#top .av-special-heading.av-5lvhu5-72c83dc58941f5a9e5faad0838755885{\npadding-bottom:10px;\nfont-size:50px;\n}\nbody .av-special-heading.av-5lvhu5-72c83dc58941f5a9e5faad0838755885 .av-special-heading-tag .heading-char{\nfont-size:25px;\n}\n#top #wrap_all .av-special-heading.av-5lvhu5-72c83dc58941f5a9e5faad0838755885 .av-special-heading-tag{\nfont-size:50px;\n}\n.av-special-heading.av-5lvhu5-72c83dc58941f5a9e5faad0838755885 .av-subheading{\nfont-size:18px;\n}\n\n@media only screen and (min-width: 480px) and (max-width: 767px){ \n#top #wrap_all .av-special-heading.av-5lvhu5-72c83dc58941f5a9e5faad0838755885 .av-special-heading-tag{\nfont-size:0.8em;\n}\n}\n\n@media only screen and (max-width: 479px){ \n#top #wrap_all .av-special-heading.av-5lvhu5-72c83dc58941f5a9e5faad0838755885 .av-special-heading-tag{\nfont-size:0.8em;\n}\n}\n<\/style>\n<div  class='av-special-heading av-5lvhu5-72c83dc58941f5a9e5faad0838755885 av-special-heading-h1 blockquote modern-quote modern-centered  avia-builder-el-1  avia-builder-el-no-sibling  av-inherit-size'><h1 class='av-special-heading-tag '  itemprop=\"headline\"  >Resultados<\/h1><div class='av-subheading av-subheading_below'><p>Respondendo aos desafios lan\u00e7ados e \u00e0s parcerias que estabelecemos com organismos e junto de particulares, desenvolvemos atividades de qualidade cient\u00edfica e t\u00e9cnica que procuram refor\u00e7ar a difus\u00e3o e a forma\u00e7\u00e3o de uma forma colaborativa, com firme envolvimento entre a Universidade e a Sociedade Civil.<\/p>\n<\/div><div class=\"special-heading-border\"><div class=\"special-heading-inner-border\"><\/div><\/div><\/div>\n\n<\/div><\/div><\/main><!-- close content main element --><\/div><div class='av-extra-border-element border-extra-arrow-down'><div class='av-extra-border-outer'><div class='av-extra-border-inner'><\/div><\/div><\/div><\/div><div id='av_section_2'  class='avia-section av-3k4bf1-afc91a26332f0bf54909855758f5892c main_color avia-section-default avia-no-border-styling  avia-builder-el-2  el_after_av_section  avia-builder-el-last  avia-bg-style-scroll container_wrap fullsize'  ><div class='container av-section-cont-open' ><div class='template-page content  av-content-full alpha units'><div class='post-entry post-entry-type-page post-entry-2269'><div class='entry-content-wrapper clearfix'>\n<div  id=\"av-sc-portfolio-1\"  class=\"av-portfolio-grid-sorting-container\"><div class='sort_width_container  av-sort-yes' data-portfolio-id='1' ><div id='js_sort_items' ><div class='sort_by_cat '><a href=\"#\" data-filter=\"all_sort\" class=\"all_sort_button active_sort\"><span class=\"inner_sort_button\"><span>All<\/span><small class=\"av-cat-count\"> 54 <\/small><\/span><\/a><span class=\"text-sep difusao-sensibilizacao_sort_sep\">\/<\/span><a href=\"#\" data-filter=\"difusao-sensibilizacao_sort\" class=\"difusao-sensibilizacao_sort_button\" ><span class=\"inner_sort_button\"><span>Difus\u00e3o e sensibiliza\u00e7\u00e3o<\/span><small class=\"av-cat-count\"> 15 <\/small><\/span><\/a><span class=\"text-sep encontro-cientifico_sort_sep\">\/<\/span><a href=\"#\" data-filter=\"encontro-cientifico_sort\" class=\"encontro-cientifico_sort_button\" ><span class=\"inner_sort_button\"><span>Encontros cient\u00edficos<\/span><small class=\"av-cat-count\"> 14 <\/small><\/span><\/a><span class=\"text-sep formacao-academica_sort_sep\">\/<\/span><a href=\"#\" data-filter=\"formacao-academica_sort\" class=\"formacao-academica_sort_button\" ><span class=\"inner_sort_button\"><span>Forma\u00e7\u00e3o acad\u00e9mica<\/span><small class=\"av-cat-count\"> 15 <\/small><\/span><\/a><span class=\"text-sep investigacao_sort_sep\">\/<\/span><a href=\"#\" data-filter=\"investigacao_sort\" class=\"investigacao_sort_button\" ><span class=\"inner_sort_button\"><span>Investiga\u00e7\u00e3o<\/span><small class=\"av-cat-count\"> 5 <\/small><\/span><\/a><span class=\"text-sep livros-editados_sort_sep\">\/<\/span><a href=\"#\" data-filter=\"livros-editados_sort\" class=\"livros-editados_sort_button\" ><span class=\"inner_sort_button\"><span>Livros editados<\/span><small class=\"av-cat-count\"> 4 <\/small><\/span><\/a><span class=\"text-sep publicacoes-da-equipa_sort_sep\">\/<\/span><a href=\"#\" data-filter=\"publicacoes-da-equipa_sort\" class=\"publicacoes-da-equipa_sort_button\" ><span class=\"inner_sort_button\"><span>Publica\u00e7\u00f5es da equipa<\/span><small class=\"av-cat-count\"> 1 <\/small><\/span><\/a><\/div><\/div><\/div><div class='portfolio_preview_container ' data-portfolio-id='1'>\n\t\t\t\t\t\t\t\t<div class='ajax_controlls iconfont'>\n\t\t\t\t\t\t\t\t\t<a href='#prev' class='ajax_previous' \taria-hidden='true' data-av_icon='\ue878' data-av_iconfont='entypo-fontello'><\/a>\n\t\t\t\t\t\t\t\t\t<a href='#next' class='ajax_next'\t\taria-hidden='true' data-av_icon='\ue879' data-av_iconfont='entypo-fontello'><\/a>\n\t\t\t\t\t\t\t\t\t<a class='avia_close' href='#close'\t\taria-hidden='true' data-av_icon='\ue814' data-av_iconfont='entypo-fontello'><\/a>\n\t\t\t\t\t\t\t\t<\/div>\n\t\t\t\t\t\t\t\t<div class='portfolio-details-inner'><\/div>\n\t\t\t\t\t\t\t<\/div><div  class=' grid-sort-container isotope   no_margin-container with-title-container grid-total-even grid-col-4 grid-links-ajax' data-portfolio-id='1'><div data-ajax-id='4416' class=' grid-entry flex_column isotope-item all_sort no_margin post-entry post-entry-4416 grid-entry-overview grid-loop-1 grid-parity-odd  formacao-academica_sort  av_one_fourth first default_av_fullwidth '><article class='main_color inner-entry'  itemscope=\"itemscope\" itemtype=\"https:\/\/schema.org\/CreativeWork\" ><a href=\"https:\/\/arqfam.fcsh.unl.pt\/?portfolio=doutoramento-em-arquivistica-historica-em-concretizacao-por-joana-beato-ribeiro\" title='Doutoramento em Arquiv\u00edstica Hist\u00f3rica em concretiza\u00e7\u00e3o por Joana Beato Ribeiro'  data-rel='grid-1' class='grid-image avia-hover-fx'> <img decoding=\"async\" fetchpriority=\"high\" width=\"260\" height=\"185\" src=\"https:\/\/arqfam.fcsh.unl.pt\/wp-content\/uploads\/2021\/06\/Tese-Joana-260x185.jpg\" class=\"wp-image-4417 avia-img-lazy-loading-not-4417 attachment-portfolio_small size-portfolio_small wp-post-image\" alt=\"\" \/><\/a><div class='grid-content'><div class='avia-arrow'><\/div><header class=\"entry-content-header\"><h3 class='grid-entry-title entry-title '  itemprop=\"headline\" ><a href='https:\/\/arqfam.fcsh.unl.pt\/?portfolio=doutoramento-em-arquivistica-historica-em-concretizacao-por-joana-beato-ribeiro' title='Doutoramento em Arquiv\u00edstica Hist\u00f3rica em concretiza\u00e7\u00e3o por Joana Beato Ribeiro'>Doutoramento em Arquiv\u00edstica Hist\u00f3rica em concretiza\u00e7\u00e3o por Joana Beato Ribeiro<\/a><\/h3><\/header><\/div><footer class=\"entry-footer\"><\/footer><\/article><\/div><div data-ajax-id='4017' class=' grid-entry flex_column isotope-item all_sort no_margin post-entry post-entry-4017 grid-entry-overview grid-loop-2 grid-parity-even  formacao-academica_sort  av_one_fourth  default_av_fullwidth '><article class='main_color inner-entry'  itemscope=\"itemscope\" itemtype=\"https:\/\/schema.org\/CreativeWork\" ><a href=\"https:\/\/arqfam.fcsh.unl.pt\/?portfolio=41st-international-wolfenbuttel-summer-course-the-new-history-of-archives-early-modern-europe-and-beyond\" title='41st International Wolfenb\u00fcttel Summer Course \u201cThe New History of Archives. Early modern Europe and beyond\u201d'  data-rel='grid-1' class='grid-image avia-hover-fx'> <img decoding=\"async\" fetchpriority=\"high\" width=\"260\" height=\"185\" src=\"https:\/\/arqfam.fcsh.unl.pt\/wp-content\/uploads\/2018\/12\/EV-260x185.jpg\" class=\"wp-image-4245 avia-img-lazy-loading-not-4245 attachment-portfolio_small size-portfolio_small wp-post-image\" alt=\"\" \/><\/a><div class='grid-content'><div class='avia-arrow'><\/div><header class=\"entry-content-header\"><h3 class='grid-entry-title entry-title '  itemprop=\"headline\" ><a href='https:\/\/arqfam.fcsh.unl.pt\/?portfolio=41st-international-wolfenbuttel-summer-course-the-new-history-of-archives-early-modern-europe-and-beyond' title='41st International Wolfenb\u00fcttel Summer Course \u201cThe New History of Archives. Early modern Europe and beyond\u201d'>41st International Wolfenb\u00fcttel Summer Course \u201cThe New History of Archives. Early modern Europe and beyond\u201d<\/a><\/h3><\/header><\/div><footer class=\"entry-footer\"><\/footer><\/article><\/div><div data-ajax-id='4011' class=' grid-entry flex_column isotope-item all_sort no_margin post-entry post-entry-4011 grid-entry-overview grid-loop-3 grid-parity-odd  formacao-academica_sort  av_one_fourth  default_av_fullwidth '><article class='main_color inner-entry'  itemscope=\"itemscope\" itemtype=\"https:\/\/schema.org\/CreativeWork\" ><a href=\"https:\/\/arqfam.fcsh.unl.pt\/?portfolio=arquivistica-historica-base-de-dados\" title='Arquiv\u00edstica historica &#8211; Base de dados'  data-rel='grid-1' class='grid-image avia-hover-fx'> <img decoding=\"async\" fetchpriority=\"high\" width=\"260\" height=\"185\" src=\"https:\/\/arqfam.fcsh.unl.pt\/wp-content\/uploads\/2018\/12\/ArquivisticaHistorica-260x185.jpg\" class=\"wp-image-4274 avia-img-lazy-loading-not-4274 attachment-portfolio_small size-portfolio_small wp-post-image\" alt=\"\" \/><\/a><div class='grid-content'><div class='avia-arrow'><\/div><header class=\"entry-content-header\"><h3 class='grid-entry-title entry-title '  itemprop=\"headline\" ><a href='https:\/\/arqfam.fcsh.unl.pt\/?portfolio=arquivistica-historica-base-de-dados' title='Arquiv\u00edstica historica &#8211; Base de dados'>Arquiv\u00edstica historica &#8211; Base de dados<\/a><\/h3><\/header><\/div><footer class=\"entry-footer\"><\/footer><\/article><\/div><div data-ajax-id='4020' class=' grid-entry flex_column isotope-item all_sort no_margin post-entry post-entry-4020 grid-entry-overview grid-loop-4 grid-parity-even  livros-editados_sort  av_one_fourth  default_av_fullwidth '><article class='main_color inner-entry'  itemscope=\"itemscope\" itemtype=\"https:\/\/schema.org\/CreativeWork\" ><a href=\"https:\/\/arqfam.fcsh.unl.pt\/?portfolio=rethinking-the-archive-in-pre-modern-europe\" title='Rethinking the archive in pre-modern Europe'  data-rel='grid-1' class='grid-image avia-hover-fx'> <img decoding=\"async\" fetchpriority=\"high\" width=\"260\" height=\"185\" src=\"https:\/\/arqfam.fcsh.unl.pt\/wp-content\/uploads\/2018\/12\/Rethinking-260x185.jpg\" class=\"wp-image-4223 avia-img-lazy-loading-not-4223 attachment-portfolio_small size-portfolio_small wp-post-image\" alt=\"\" \/><\/a><div class='grid-content'><div class='avia-arrow'><\/div><header class=\"entry-content-header\"><h3 class='grid-entry-title entry-title '  itemprop=\"headline\" ><a href='https:\/\/arqfam.fcsh.unl.pt\/?portfolio=rethinking-the-archive-in-pre-modern-europe' title='Rethinking the archive in pre-modern Europe'>Rethinking the archive in pre-modern Europe<\/a><\/h3><\/header><\/div><footer class=\"entry-footer\"><\/footer><\/article><\/div><div data-ajax-id='4002' class=' grid-entry flex_column isotope-item all_sort no_margin post-entry post-entry-4002 grid-entry-overview grid-loop-5 grid-parity-odd  formacao-academica_sort  av_one_fourth first default_av_fullwidth '><article class='main_color inner-entry'  itemscope=\"itemscope\" itemtype=\"https:\/\/schema.org\/CreativeWork\" ><a href=\"https:\/\/arqfam.fcsh.unl.pt\/?portfolio=pos-doutoramento-em-arquivistica-historica-financiado-pela-fundacao-para-a-ciencia-e-tecnologia-sfrh-bpd-114904-2016-em-concretizacao-por-rita-sampaio-da-novoa\" title='P\u00f3s-Doutoramento em Arquiv\u00edstica Hist\u00f3rica em concretiza\u00e7\u00e3o por Rita Sampaio da N\u00f3voa'  data-rel='grid-1' class='grid-image avia-hover-fx'> <img decoding=\"async\" fetchpriority=\"high\" width=\"260\" height=\"185\" src=\"https:\/\/arqfam.fcsh.unl.pt\/wp-content\/uploads\/2018\/12\/Rita-Novoa_post-doc-260x185.jpg\" class=\"wp-image-4101 avia-img-lazy-loading-not-4101 attachment-portfolio_small size-portfolio_small wp-post-image\" alt=\"\" \/><\/a><div class='grid-content'><div class='avia-arrow'><\/div><header class=\"entry-content-header\"><h3 class='grid-entry-title entry-title '  itemprop=\"headline\" ><a href='https:\/\/arqfam.fcsh.unl.pt\/?portfolio=pos-doutoramento-em-arquivistica-historica-financiado-pela-fundacao-para-a-ciencia-e-tecnologia-sfrh-bpd-114904-2016-em-concretizacao-por-rita-sampaio-da-novoa' title='P\u00f3s-Doutoramento em Arquiv\u00edstica Hist\u00f3rica em concretiza\u00e7\u00e3o por Rita Sampaio da N\u00f3voa'>P\u00f3s-Doutoramento em Arquiv\u00edstica Hist\u00f3rica em concretiza\u00e7\u00e3o por Rita Sampaio da N\u00f3voa<\/a><\/h3><\/header><\/div><footer class=\"entry-footer\"><\/footer><\/article><\/div><div data-ajax-id='3435' class=' grid-entry flex_column isotope-item all_sort no_margin post-entry post-entry-3435 grid-entry-overview grid-loop-6 grid-parity-even  formacao-academica_sort  av_one_fourth  default_av_fullwidth '><article class='main_color inner-entry'  itemscope=\"itemscope\" itemtype=\"https:\/\/schema.org\/CreativeWork\" ><a href=\"https:\/\/arqfam.fcsh.unl.pt\/?portfolio=arquivo-da-casa-de-belmonte-entre-a-historia-e-a-memoria\" title='Tese de Doutoramento em Arquiv\u00edstica Hist\u00f3rica de Maria Jo\u00e3o da C\u00e2mara Andrade e Sousa'  data-rel='grid-1' class='grid-image avia-hover-fx'> <img decoding=\"async\" fetchpriority=\"high\" width=\"260\" height=\"185\" src=\"https:\/\/arqfam.fcsh.unl.pt\/wp-content\/uploads\/2015\/04\/Maria-Jo\u2206o-260x185.jpg\" class=\"wp-image-4108 avia-img-lazy-loading-not-4108 attachment-portfolio_small size-portfolio_small wp-post-image\" alt=\"\" \/><\/a><div class='grid-content'><div class='avia-arrow'><\/div><header class=\"entry-content-header\"><h3 class='grid-entry-title entry-title '  itemprop=\"headline\" ><a href='https:\/\/arqfam.fcsh.unl.pt\/?portfolio=arquivo-da-casa-de-belmonte-entre-a-historia-e-a-memoria' title='Tese de Doutoramento em Arquiv\u00edstica Hist\u00f3rica de Maria Jo\u00e3o da C\u00e2mara Andrade e Sousa'>Tese de Doutoramento em Arquiv\u00edstica Hist\u00f3rica de Maria Jo\u00e3o da C\u00e2mara Andrade e Sousa<\/a><\/h3><\/header><\/div><footer class=\"entry-footer\"><\/footer><\/article><\/div><div data-ajax-id='3437' class=' grid-entry flex_column isotope-item all_sort no_margin post-entry post-entry-3437 grid-entry-overview grid-loop-7 grid-parity-odd  formacao-academica_sort  av_one_fourth  default_av_fullwidth '><article class='main_color inner-entry'  itemscope=\"itemscope\" itemtype=\"https:\/\/schema.org\/CreativeWork\" ><a href=\"https:\/\/arqfam.fcsh.unl.pt\/?portfolio=para-um-estudo-da-producao-gestao-documental-e-funcao\" title='Tese de Doutoramento em Arquiv\u00edstica Hist\u00f3rica de Rita Sampaio da N\u00f3voa'  data-rel='grid-1' class='grid-image avia-hover-fx'> <img decoding=\"async\" fetchpriority=\"high\" width=\"260\" height=\"185\" src=\"https:\/\/arqfam.fcsh.unl.pt\/wp-content\/uploads\/2015\/04\/Rita-Novoa-260x185.jpg\" class=\"wp-image-4092 avia-img-lazy-loading-not-4092 attachment-portfolio_small size-portfolio_small wp-post-image\" alt=\"\" \/><\/a><div class='grid-content'><div class='avia-arrow'><\/div><header class=\"entry-content-header\"><h3 class='grid-entry-title entry-title '  itemprop=\"headline\" ><a href='https:\/\/arqfam.fcsh.unl.pt\/?portfolio=para-um-estudo-da-producao-gestao-documental-e-funcao' title='Tese de Doutoramento em Arquiv\u00edstica Hist\u00f3rica de Rita Sampaio da N\u00f3voa'>Tese de Doutoramento em Arquiv\u00edstica Hist\u00f3rica de Rita Sampaio da N\u00f3voa<\/a><\/h3><\/header><\/div><footer class=\"entry-footer\"><\/footer><\/article><\/div><div data-ajax-id='4037' class=' grid-entry flex_column isotope-item all_sort no_margin post-entry post-entry-4037 grid-entry-overview grid-loop-8 grid-parity-even  encontro-cientifico_sort  av_one_fourth  default_av_fullwidth '><article class='main_color inner-entry'  itemscope=\"itemscope\" itemtype=\"https:\/\/schema.org\/CreativeWork\" ><a href=\"https:\/\/arqfam.fcsh.unl.pt\/?portfolio=patrimonio-cultural-e-arquivos-de-familia-nos-arquipelagos-da-macaronesia\" title='Patrim\u00f3nio cultural e arquivos de fam\u00edlia nos arquip\u00e9lagos da Macaron\u00e9sia'  data-rel='grid-1' class='grid-image avia-hover-fx'> <img decoding=\"async\" fetchpriority=\"high\" width=\"260\" height=\"185\" src=\"https:\/\/arqfam.fcsh.unl.pt\/wp-content\/uploads\/2018\/12\/CongressoCanarias-260x185.jpg\" class=\"wp-image-4115 avia-img-lazy-loading-not-4115 attachment-portfolio_small size-portfolio_small wp-post-image\" alt=\"\" \/><\/a><div class='grid-content'><div class='avia-arrow'><\/div><header class=\"entry-content-header\"><h3 class='grid-entry-title entry-title '  itemprop=\"headline\" ><a href='https:\/\/arqfam.fcsh.unl.pt\/?portfolio=patrimonio-cultural-e-arquivos-de-familia-nos-arquipelagos-da-macaronesia' title='Patrim\u00f3nio cultural e arquivos de fam\u00edlia nos arquip\u00e9lagos da Macaron\u00e9sia'>Patrim\u00f3nio cultural e arquivos de fam\u00edlia nos arquip\u00e9lagos da Macaron\u00e9sia<\/a><\/h3><\/header><\/div><footer class=\"entry-footer\"><\/footer><\/article><\/div><div data-ajax-id='3433' class=' grid-entry flex_column isotope-item all_sort no_margin post-entry post-entry-3433 grid-entry-overview grid-loop-9 grid-parity-odd  formacao-academica_sort  av_one_fourth first default_av_fullwidth '><article class='main_color inner-entry'  itemscope=\"itemscope\" itemtype=\"https:\/\/schema.org\/CreativeWork\" ><a href=\"https:\/\/arqfam.fcsh.unl.pt\/?portfolio=costas-com-dom-familia-e-arquivo-seculos-xv-e-xvi\" title='Tese de Doutoramento em Arquiv\u00edstica Hist\u00f3rica de Margarida Leme'  data-rel='grid-1' class='grid-image avia-hover-fx'> <img decoding=\"async\" fetchpriority=\"high\" width=\"260\" height=\"185\" src=\"https:\/\/arqfam.fcsh.unl.pt\/wp-content\/uploads\/2018\/12\/Leme-260x185.jpg\" class=\"wp-image-4413 avia-img-lazy-loading-not-4413 attachment-portfolio_small size-portfolio_small wp-post-image\" alt=\"\" \/><\/a><div class='grid-content'><div class='avia-arrow'><\/div><header class=\"entry-content-header\"><h3 class='grid-entry-title entry-title '  itemprop=\"headline\" ><a href='https:\/\/arqfam.fcsh.unl.pt\/?portfolio=costas-com-dom-familia-e-arquivo-seculos-xv-e-xvi' title='Tese de Doutoramento em Arquiv\u00edstica Hist\u00f3rica de Margarida Leme'>Tese de Doutoramento em Arquiv\u00edstica Hist\u00f3rica de Margarida Leme<\/a><\/h3><\/header><\/div><footer class=\"entry-footer\"><\/footer><\/article><\/div><div data-ajax-id='3429' class=' grid-entry flex_column isotope-item all_sort no_margin post-entry post-entry-3429 grid-entry-overview grid-loop-10 grid-parity-even  formacao-academica_sort  av_one_fourth  default_av_fullwidth '><article class='main_color inner-entry'  itemscope=\"itemscope\" itemtype=\"https:\/\/schema.org\/CreativeWork\" ><a href=\"https:\/\/arqfam.fcsh.unl.pt\/?portfolio=arquivo-almada-lencastre-basto-secs-xiv-xix\" title='Doutoramento em Arquiv\u00edstica Hist\u00f3rica em concretiza\u00e7\u00e3o por Alice Gago'  data-rel='grid-1' class='grid-image avia-hover-fx'> <img decoding=\"async\" fetchpriority=\"high\" width=\"260\" height=\"185\" src=\"https:\/\/arqfam.fcsh.unl.pt\/wp-content\/uploads\/2014\/09\/Alice-Gago-260x185.jpg\" class=\"wp-image-3577 avia-img-lazy-loading-not-3577 attachment-portfolio_small size-portfolio_small wp-post-image\" alt=\"\" \/><\/a><div class='grid-content'><div class='avia-arrow'><\/div><header class=\"entry-content-header\"><h3 class='grid-entry-title entry-title '  itemprop=\"headline\" ><a href='https:\/\/arqfam.fcsh.unl.pt\/?portfolio=arquivo-almada-lencastre-basto-secs-xiv-xix' title='Doutoramento em Arquiv\u00edstica Hist\u00f3rica em concretiza\u00e7\u00e3o por Alice Gago'>Doutoramento em Arquiv\u00edstica Hist\u00f3rica em concretiza\u00e7\u00e3o por Alice Gago<\/a><\/h3><\/header><\/div><footer class=\"entry-footer\"><\/footer><\/article><\/div><div data-ajax-id='3981' class=' grid-entry flex_column isotope-item all_sort no_margin post-entry post-entry-3981 grid-entry-overview grid-loop-11 grid-parity-odd  formacao-academica_sort  av_one_fourth  default_av_fullwidth '><article class='main_color inner-entry'  itemscope=\"itemscope\" itemtype=\"https:\/\/schema.org\/CreativeWork\" ><a href=\"https:\/\/arqfam.fcsh.unl.pt\/?portfolio=doutoramento-em-arquivistica-historica-em-cotutela-com-a-ecole-nationale-des-chartes-paris-franca-em-concretizacao-por-filipa-lopes\" title='Doutoramento em Arquiv\u00edstica Hist\u00f3rica, em cotutela com a \u00c9cole nationale des chartes (Paris, Fran\u00e7a), em concretiza\u00e7\u00e3o por Filipa Lopes'  data-rel='grid-1' class='grid-image avia-hover-fx'> <img decoding=\"async\" fetchpriority=\"high\" width=\"260\" height=\"185\" src=\"https:\/\/arqfam.fcsh.unl.pt\/wp-content\/uploads\/2018\/12\/VNCFilipa-260x185.jpg\" class=\"wp-image-4098 avia-img-lazy-loading-not-4098 attachment-portfolio_small size-portfolio_small wp-post-image\" alt=\"\" \/><\/a><div class='grid-content'><div class='avia-arrow'><\/div><header class=\"entry-content-header\"><h3 class='grid-entry-title entry-title '  itemprop=\"headline\" ><a href='https:\/\/arqfam.fcsh.unl.pt\/?portfolio=doutoramento-em-arquivistica-historica-em-cotutela-com-a-ecole-nationale-des-chartes-paris-franca-em-concretizacao-por-filipa-lopes' title='Doutoramento em Arquiv\u00edstica Hist\u00f3rica, em cotutela com a \u00c9cole nationale des chartes (Paris, Fran\u00e7a), em concretiza\u00e7\u00e3o por Filipa Lopes'>Doutoramento em Arquiv\u00edstica Hist\u00f3rica, em cotutela com a \u00c9cole nationale des chartes (Paris, Fran\u00e7a), em concretiza\u00e7\u00e3o por Filipa Lopes<\/a><\/h3><\/header><\/div><footer class=\"entry-footer\"><\/footer><\/article><\/div><div data-ajax-id='3984' class=' grid-entry flex_column isotope-item all_sort no_margin post-entry post-entry-3984 grid-entry-overview grid-loop-12 grid-parity-even  formacao-academica_sort  av_one_fourth  default_av_fullwidth '><article class='main_color inner-entry'  itemscope=\"itemscope\" itemtype=\"https:\/\/schema.org\/CreativeWork\" ><a href=\"https:\/\/arqfam.fcsh.unl.pt\/?portfolio=doutoramento-em-arquivistica-historica-em-concretizacao-por-helder-de-albuquerque-machado\" title='Doutoramento em Arquiv\u00edstica Hist\u00f3rica em concretiza\u00e7\u00e3o por Helder de Albuquerque Machado'  data-rel='grid-1' class='grid-image avia-hover-fx'> <img decoding=\"async\" fetchpriority=\"high\" width=\"260\" height=\"185\" src=\"https:\/\/arqfam.fcsh.unl.pt\/wp-content\/uploads\/2018\/12\/Helder-Machado-260x185.jpg\" class=\"wp-image-4090 avia-img-lazy-loading-not-4090 attachment-portfolio_small size-portfolio_small wp-post-image\" alt=\"\" \/><\/a><div class='grid-content'><div class='avia-arrow'><\/div><header class=\"entry-content-header\"><h3 class='grid-entry-title entry-title '  itemprop=\"headline\" ><a href='https:\/\/arqfam.fcsh.unl.pt\/?portfolio=doutoramento-em-arquivistica-historica-em-concretizacao-por-helder-de-albuquerque-machado' title='Doutoramento em Arquiv\u00edstica Hist\u00f3rica em concretiza\u00e7\u00e3o por Helder de Albuquerque Machado'>Doutoramento em Arquiv\u00edstica Hist\u00f3rica em concretiza\u00e7\u00e3o por Helder de Albuquerque Machado<\/a><\/h3><\/header><\/div><footer class=\"entry-footer\"><\/footer><\/article><\/div><div data-ajax-id='3986' class=' grid-entry flex_column isotope-item all_sort no_margin post-entry post-entry-3986 grid-entry-overview grid-loop-13 grid-parity-odd  formacao-academica_sort  av_one_fourth first default_av_fullwidth '><article class='main_color inner-entry'  itemscope=\"itemscope\" itemtype=\"https:\/\/schema.org\/CreativeWork\" ><a href=\"https:\/\/arqfam.fcsh.unl.pt\/?portfolio=doutoramento-em-historia-moderna-e-arquivistica-historica-em-cotutela-com-a-universidade-de-la-laguna-ilhas-canarias-espanha-em-concretizacao-por-judit-gutierrez-de-armas\" title='Doutoramento em Hist\u00f3ria Moderna e Arquiv\u00edstica Hist\u00f3rica, em cotutela com a Universidade de La Laguna (Ilhas Can\u00e1rias, Espanha), de Judit Guti\u00e9rrez de Armas'  data-rel='grid-1' class='grid-image avia-hover-fx'> <img decoding=\"async\" fetchpriority=\"high\" width=\"260\" height=\"185\" src=\"https:\/\/arqfam.fcsh.unl.pt\/wp-content\/uploads\/2021\/06\/Judit-260x185.jpg\" class=\"wp-image-4406 avia-img-lazy-loading-not-4406 attachment-portfolio_small size-portfolio_small wp-post-image\" alt=\"\" \/><\/a><div class='grid-content'><div class='avia-arrow'><\/div><header class=\"entry-content-header\"><h3 class='grid-entry-title entry-title '  itemprop=\"headline\" ><a href='https:\/\/arqfam.fcsh.unl.pt\/?portfolio=doutoramento-em-historia-moderna-e-arquivistica-historica-em-cotutela-com-a-universidade-de-la-laguna-ilhas-canarias-espanha-em-concretizacao-por-judit-gutierrez-de-armas' title='Doutoramento em Hist\u00f3ria Moderna e Arquiv\u00edstica Hist\u00f3rica, em cotutela com a Universidade de La Laguna (Ilhas Can\u00e1rias, Espanha), de Judit Guti\u00e9rrez de Armas'>Doutoramento em Hist\u00f3ria Moderna e Arquiv\u00edstica Hist\u00f3rica, em cotutela com a Universidade de La Laguna (Ilhas Can\u00e1rias, Espanha), de Judit Guti\u00e9rrez de Armas<\/a><\/h3><\/header><\/div><footer class=\"entry-footer\"><\/footer><\/article><\/div><div data-ajax-id='4049' class=' grid-entry flex_column isotope-item all_sort no_margin post-entry post-entry-4049 grid-entry-overview grid-loop-14 grid-parity-even  difusao-sensibilizacao_sort  av_one_fourth  default_av_fullwidth '><article class='main_color inner-entry'  itemscope=\"itemscope\" itemtype=\"https:\/\/schema.org\/CreativeWork\" ><a href=\"https:\/\/arqfam.fcsh.unl.pt\/?portfolio=arquivos-de-familia-hipoteses-de-trabalho\" title='Arquivos de Fam\u00edlia: hip\u00f3teses de trabalho'  data-rel='grid-1' class='grid-image avia-hover-fx'> <img decoding=\"async\" fetchpriority=\"high\" width=\"260\" height=\"185\" src=\"https:\/\/arqfam.fcsh.unl.pt\/wp-content\/uploads\/2018\/12\/Arquivos-de-Fam\u00b0lia-A\u00e1ores-260x185.jpg\" class=\"wp-image-4109 avia-img-lazy-loading-not-4109 attachment-portfolio_small size-portfolio_small wp-post-image\" alt=\"\" \/><\/a><div class='grid-content'><div class='avia-arrow'><\/div><header class=\"entry-content-header\"><h3 class='grid-entry-title entry-title '  itemprop=\"headline\" ><a href='https:\/\/arqfam.fcsh.unl.pt\/?portfolio=arquivos-de-familia-hipoteses-de-trabalho' title='Arquivos de Fam\u00edlia: hip\u00f3teses de trabalho'>Arquivos de Fam\u00edlia: hip\u00f3teses de trabalho<\/a><\/h3><\/header><\/div><footer class=\"entry-footer\"><\/footer><\/article><\/div><div data-ajax-id='4023' class=' grid-entry flex_column isotope-item all_sort no_margin post-entry post-entry-4023 grid-entry-overview grid-loop-15 grid-parity-odd  investigacao_sort  av_one_fourth  default_av_fullwidth '><article class='main_color inner-entry'  itemscope=\"itemscope\" itemtype=\"https:\/\/schema.org\/CreativeWork\" ><a href=\"https:\/\/arqfam.fcsh.unl.pt\/?portfolio=estadia-de-maria-de-lurdes-rosa-na-ecole-nationale-des-chartes-paris-como-professora-convidada\" title='Estadia de Maria de Lurdes Rosa na \u00c9cole Nationale des Chartes (Paris) como professora convidada'  data-rel='grid-1' class='grid-image avia-hover-fx'> <img decoding=\"async\" fetchpriority=\"high\" width=\"260\" height=\"185\" src=\"https:\/\/arqfam.fcsh.unl.pt\/wp-content\/uploads\/2018\/12\/Chartes-260x185.jpg\" class=\"wp-image-4130 avia-img-lazy-loading-not-4130 attachment-portfolio_small size-portfolio_small wp-post-image\" alt=\"\" \/><\/a><div class='grid-content'><div class='avia-arrow'><\/div><header class=\"entry-content-header\"><h3 class='grid-entry-title entry-title '  itemprop=\"headline\" ><a href='https:\/\/arqfam.fcsh.unl.pt\/?portfolio=estadia-de-maria-de-lurdes-rosa-na-ecole-nationale-des-chartes-paris-como-professora-convidada' title='Estadia de Maria de Lurdes Rosa na \u00c9cole Nationale des Chartes (Paris) como professora convidada'>Estadia de Maria de Lurdes Rosa na \u00c9cole Nationale des Chartes (Paris) como professora convidada<\/a><\/h3><\/header><\/div><footer class=\"entry-footer\"><\/footer><\/article><\/div><div data-ajax-id='4044' class=' grid-entry flex_column isotope-item all_sort no_margin post-entry post-entry-4044 grid-entry-overview grid-loop-16 grid-parity-even  difusao-sensibilizacao_sort  av_one_fourth  default_av_fullwidth '><article class='main_color inner-entry'  itemscope=\"itemscope\" itemtype=\"https:\/\/schema.org\/CreativeWork\" ><a href=\"https:\/\/arqfam.fcsh.unl.pt\/?portfolio=compreender-o-arquivo\" title='Compreender o Arquivo'  data-rel='grid-1' class='grid-image avia-hover-fx'> <img decoding=\"async\" fetchpriority=\"high\" width=\"260\" height=\"185\" src=\"https:\/\/arqfam.fcsh.unl.pt\/wp-content\/uploads\/2018\/12\/Curso_Compreender-arquivos-260x185.jpg\" class=\"wp-image-4110 avia-img-lazy-loading-not-4110 attachment-portfolio_small size-portfolio_small wp-post-image\" alt=\"\" \/><\/a><div class='grid-content'><div class='avia-arrow'><\/div><header class=\"entry-content-header\"><h3 class='grid-entry-title entry-title '  itemprop=\"headline\" ><a href='https:\/\/arqfam.fcsh.unl.pt\/?portfolio=compreender-o-arquivo' title='Compreender o Arquivo'>Compreender o Arquivo<\/a><\/h3><\/header><\/div><footer class=\"entry-footer\"><\/footer><\/article><\/div><div data-ajax-id='4042' class=' grid-entry flex_column isotope-item all_sort no_margin post-entry post-entry-4042 grid-entry-overview grid-loop-17 grid-parity-odd  difusao-sensibilizacao_sort  av_one_fourth first default_av_fullwidth '><article class='main_color inner-entry'  itemscope=\"itemscope\" itemtype=\"https:\/\/schema.org\/CreativeWork\" ><a href=\"https:\/\/arqfam.fcsh.unl.pt\/?portfolio=inventarios-de-arquivos-de-familia-secs-xv-xix\" title='Invent\u00e1rios de arquivos de fam\u00edlia, s\u00e9cs. XV- XIX'  data-rel='grid-1' class='grid-image avia-hover-fx'> <img decoding=\"async\" fetchpriority=\"high\" width=\"260\" height=\"185\" src=\"https:\/\/arqfam.fcsh.unl.pt\/wp-content\/uploads\/2018\/12\/Exposi\u00e1\u2206o_Arquivos-de-Fam\u00b0lia-260x185.jpg\" class=\"wp-image-4106 avia-img-lazy-loading-not-4106 attachment-portfolio_small size-portfolio_small wp-post-image\" alt=\"\" \/><\/a><div class='grid-content'><div class='avia-arrow'><\/div><header class=\"entry-content-header\"><h3 class='grid-entry-title entry-title '  itemprop=\"headline\" ><a href='https:\/\/arqfam.fcsh.unl.pt\/?portfolio=inventarios-de-arquivos-de-familia-secs-xv-xix' title='Invent\u00e1rios de arquivos de fam\u00edlia, s\u00e9cs. XV- XIX'>Invent\u00e1rios de arquivos de fam\u00edlia, s\u00e9cs. XV- XIX<\/a><\/h3><\/header><\/div><footer class=\"entry-footer\"><\/footer><\/article><\/div><div data-ajax-id='4082' class=' grid-entry flex_column isotope-item all_sort no_margin post-entry post-entry-4082 grid-entry-overview grid-loop-18 grid-parity-even  investigacao_sort  av_one_fourth  default_av_fullwidth '><article class='main_color inner-entry'  itemscope=\"itemscope\" itemtype=\"https:\/\/schema.org\/CreativeWork\" ><a href=\"https:\/\/arqfam.fcsh.unl.pt\/?portfolio=projeto-vinculum-entailing-perpetuity-family-power-identity-the-social-agency-of-a-corporate-body-southern-europe-14th-17th-centuries\" title='Projeto VINCULUM &#8220;Entailing Perpetuity: Family, Power, Identity. The Social Agency of a Corporate Body (Southern Europe, 14th-17th Centuries)&#8221;'  data-rel='grid-1' class='grid-image avia-hover-fx'> <img decoding=\"async\" fetchpriority=\"high\" width=\"260\" height=\"185\" src=\"https:\/\/arqfam.fcsh.unl.pt\/wp-content\/uploads\/2018\/12\/ERC-1-260x185.jpg\" class=\"wp-image-4243 avia-img-lazy-loading-not-4243 attachment-portfolio_small size-portfolio_small wp-post-image\" alt=\"\" \/><\/a><div class='grid-content'><div class='avia-arrow'><\/div><header class=\"entry-content-header\"><h3 class='grid-entry-title entry-title '  itemprop=\"headline\" ><a href='https:\/\/arqfam.fcsh.unl.pt\/?portfolio=projeto-vinculum-entailing-perpetuity-family-power-identity-the-social-agency-of-a-corporate-body-southern-europe-14th-17th-centuries' title='Projeto VINCULUM &#8220;Entailing Perpetuity: Family, Power, Identity. The Social Agency of a Corporate Body (Southern Europe, 14th-17th Centuries)&#8221;'>Projeto VINCULUM &#8220;Entailing Perpetuity: Family, Power, Identity. The Social Agency of a Corporate Body (Southern Europe, 14th-17th Centuries)&#8221;<\/a><\/h3><\/header><\/div><footer class=\"entry-footer\"><\/footer><\/article><\/div><div data-ajax-id='4030' class=' grid-entry flex_column isotope-item all_sort no_margin post-entry post-entry-4030 grid-entry-overview grid-loop-19 grid-parity-odd  encontro-cientifico_sort  av_one_fourth  default_av_fullwidth '><article class='main_color inner-entry'  itemscope=\"itemscope\" itemtype=\"https:\/\/schema.org\/CreativeWork\" ><a href=\"https:\/\/arqfam.fcsh.unl.pt\/?portfolio=arquivos-de-familia-investigacao-em-historia\" title='Arquivos de Fam\u00edlia &#038; Investiga\u00e7\u00e3o em Hist\u00f3ria'  data-rel='grid-1' class='grid-image avia-hover-fx'> <img decoding=\"async\" fetchpriority=\"high\" width=\"260\" height=\"185\" src=\"https:\/\/arqfam.fcsh.unl.pt\/wp-content\/uploads\/2018\/12\/Arquivos-e-investiga\u00e1\u2206o-260x185.jpg\" class=\"wp-image-4116 avia-img-lazy-loading-not-4116 attachment-portfolio_small size-portfolio_small wp-post-image\" alt=\"\" \/><\/a><div class='grid-content'><div class='avia-arrow'><\/div><header class=\"entry-content-header\"><h3 class='grid-entry-title entry-title '  itemprop=\"headline\" ><a href='https:\/\/arqfam.fcsh.unl.pt\/?portfolio=arquivos-de-familia-investigacao-em-historia' title='Arquivos de Fam\u00edlia &#038; Investiga\u00e7\u00e3o em Hist\u00f3ria'>Arquivos de Fam\u00edlia &#038; Investiga\u00e7\u00e3o em Hist\u00f3ria<\/a><\/h3><\/header><\/div><footer class=\"entry-footer\"><\/footer><\/article><\/div><div data-ajax-id='4039' class=' grid-entry flex_column isotope-item all_sort no_margin post-entry post-entry-4039 grid-entry-overview grid-loop-20 grid-parity-even  encontro-cientifico_sort  av_one_fourth  default_av_fullwidth '><article class='main_color inner-entry'  itemscope=\"itemscope\" itemtype=\"https:\/\/schema.org\/CreativeWork\" ><a href=\"https:\/\/arqfam.fcsh.unl.pt\/?portfolio=noble-houses-and-their-archives-in-a-comparative-perspective-portugal-spain-france-14th-19th-centuries\" title='Noble houses and their archives in a comparative perspective: Portugal, Spain, France (14th-19th centuries)'  data-rel='grid-1' class='grid-image avia-hover-fx'> <img decoding=\"async\" fetchpriority=\"high\" width=\"260\" height=\"185\" src=\"https:\/\/arqfam.fcsh.unl.pt\/wp-content\/uploads\/2018\/12\/Encontro-Princeton-260x185.jpg\" class=\"wp-image-4119 avia-img-lazy-loading-not-4119 attachment-portfolio_small size-portfolio_small wp-post-image\" alt=\"\" \/><\/a><div class='grid-content'><div class='avia-arrow'><\/div><header class=\"entry-content-header\"><h3 class='grid-entry-title entry-title '  itemprop=\"headline\" ><a href='https:\/\/arqfam.fcsh.unl.pt\/?portfolio=noble-houses-and-their-archives-in-a-comparative-perspective-portugal-spain-france-14th-19th-centuries' title='Noble houses and their archives in a comparative perspective: Portugal, Spain, France (14th-19th centuries)'>Noble houses and their archives in a comparative perspective: Portugal, Spain, France (14th-19th centuries)<\/a><\/h3><\/header><\/div><footer class=\"entry-footer\"><\/footer><\/article><\/div><div data-ajax-id='3439' class=' grid-entry flex_column isotope-item all_sort no_margin post-entry post-entry-3439 grid-entry-overview grid-loop-21 grid-parity-odd  formacao-academica_sort  av_one_fourth first default_av_fullwidth '><article class='main_color inner-entry'  itemscope=\"itemscope\" itemtype=\"https:\/\/schema.org\/CreativeWork\" ><a href=\"https:\/\/arqfam.fcsh.unl.pt\/?portfolio=arquivo-castronova-goa-construcao-de-catalogo\" title='Disserta\u00e7\u00e3o de mestrado em Ci\u00eancias da Informa\u00e7\u00e3o e da Documenta\u00e7\u00e3o de Patr\u00edcia Marques'  data-rel='grid-1' class='grid-image avia-hover-fx'> <img decoding=\"async\" fetchpriority=\"high\" width=\"260\" height=\"185\" src=\"https:\/\/arqfam.fcsh.unl.pt\/wp-content\/uploads\/2013\/11\/Disserta\u00e7\u00e3o-260x185.jpg\" class=\"wp-image-3576 avia-img-lazy-loading-not-3576 attachment-portfolio_small size-portfolio_small wp-post-image\" alt=\"\" \/><\/a><div class='grid-content'><div class='avia-arrow'><\/div><header class=\"entry-content-header\"><h3 class='grid-entry-title entry-title '  itemprop=\"headline\" ><a href='https:\/\/arqfam.fcsh.unl.pt\/?portfolio=arquivo-castronova-goa-construcao-de-catalogo' title='Disserta\u00e7\u00e3o de mestrado em Ci\u00eancias da Informa\u00e7\u00e3o e da Documenta\u00e7\u00e3o de Patr\u00edcia Marques'>Disserta\u00e7\u00e3o de mestrado em Ci\u00eancias da Informa\u00e7\u00e3o e da Documenta\u00e7\u00e3o de Patr\u00edcia Marques<\/a><\/h3><\/header><\/div><footer class=\"entry-footer\"><\/footer><\/article><\/div><div data-ajax-id='4014' class=' grid-entry flex_column isotope-item all_sort no_margin post-entry post-entry-4014 grid-entry-overview grid-loop-22 grid-parity-even  formacao-academica_sort  av_one_fourth  default_av_fullwidth '><article class='main_color inner-entry'  itemscope=\"itemscope\" itemtype=\"https:\/\/schema.org\/CreativeWork\" ><a href=\"https:\/\/arqfam.fcsh.unl.pt\/?portfolio=projeto-de-joana-beato-ribeiro-realizado-no-ambito-do-mestrado-em-patrimonio\" title='Trabalho de projeto de Joana Beato Ribeiro, realizado no \u00e2mbito do mestrado em Patrim\u00f3nio'  data-rel='grid-1' class='grid-image avia-hover-fx'> <img decoding=\"async\" fetchpriority=\"high\" width=\"260\" height=\"185\" src=\"https:\/\/arqfam.fcsh.unl.pt\/wp-content\/uploads\/2018\/12\/Joana-1-260x185.jpg\" class=\"wp-image-4273 avia-img-lazy-loading-not-4273 attachment-portfolio_small size-portfolio_small wp-post-image\" alt=\"\" \/><\/a><div class='grid-content'><div class='avia-arrow'><\/div><header class=\"entry-content-header\"><h3 class='grid-entry-title entry-title '  itemprop=\"headline\" ><a href='https:\/\/arqfam.fcsh.unl.pt\/?portfolio=projeto-de-joana-beato-ribeiro-realizado-no-ambito-do-mestrado-em-patrimonio' title='Trabalho de projeto de Joana Beato Ribeiro, realizado no \u00e2mbito do mestrado em Patrim\u00f3nio'>Trabalho de projeto de Joana Beato Ribeiro, realizado no \u00e2mbito do mestrado em Patrim\u00f3nio<\/a><\/h3><\/header><\/div><footer class=\"entry-footer\"><\/footer><\/article><\/div><div data-ajax-id='4032' class=' grid-entry flex_column isotope-item all_sort no_margin post-entry post-entry-4032 grid-entry-overview grid-loop-23 grid-parity-odd  encontro-cientifico_sort  av_one_fourth  default_av_fullwidth '><article class='main_color inner-entry'  itemscope=\"itemscope\" itemtype=\"https:\/\/schema.org\/CreativeWork\" ><a href=\"https:\/\/arqfam.fcsh.unl.pt\/?portfolio=arquivos-de-familia-desafios-atuais\" title='Arquivos de Fam\u00edlia: desafios atuais'  data-rel='grid-1' class='grid-image avia-hover-fx'> <img decoding=\"async\" fetchpriority=\"high\" width=\"260\" height=\"185\" src=\"https:\/\/arqfam.fcsh.unl.pt\/wp-content\/uploads\/2018\/12\/Arquivos-de-Fam\u00b0lia-A\u00e1ores-260x185.jpg\" class=\"wp-image-4109 avia-img-lazy-loading-not-4109 attachment-portfolio_small size-portfolio_small wp-post-image\" alt=\"\" \/><\/a><div class='grid-content'><div class='avia-arrow'><\/div><header class=\"entry-content-header\"><h3 class='grid-entry-title entry-title '  itemprop=\"headline\" ><a href='https:\/\/arqfam.fcsh.unl.pt\/?portfolio=arquivos-de-familia-desafios-atuais' title='Arquivos de Fam\u00edlia: desafios atuais'>Arquivos de Fam\u00edlia: desafios atuais<\/a><\/h3><\/header><\/div><footer class=\"entry-footer\"><\/footer><\/article><\/div><div data-ajax-id='3999' class=' grid-entry flex_column isotope-item all_sort no_margin post-entry post-entry-3999 grid-entry-overview grid-loop-24 grid-parity-even  formacao-academica_sort  av_one_fourth  default_av_fullwidth '><article class='main_color inner-entry'  itemscope=\"itemscope\" itemtype=\"https:\/\/schema.org\/CreativeWork\" ><a href=\"https:\/\/arqfam.fcsh.unl.pt\/?portfolio=mestrado-em-historia-moderna-em-concretizacao-por-margarida-lobato-costa\" title='Mestrado em Hist\u00f3ria Moderna em concretiza\u00e7\u00e3o por Margarida Lobato Costa'  data-rel='grid-1' class='grid-image avia-hover-fx'> <img decoding=\"async\" fetchpriority=\"high\" width=\"260\" height=\"185\" src=\"https:\/\/arqfam.fcsh.unl.pt\/wp-content\/uploads\/2018\/12\/Lobato-260x185.jpg\" class=\"wp-image-4100 avia-img-lazy-loading-not-4100 attachment-portfolio_small size-portfolio_small wp-post-image\" alt=\"\" \/><\/a><div class='grid-content'><div class='avia-arrow'><\/div><header class=\"entry-content-header\"><h3 class='grid-entry-title entry-title '  itemprop=\"headline\" ><a href='https:\/\/arqfam.fcsh.unl.pt\/?portfolio=mestrado-em-historia-moderna-em-concretizacao-por-margarida-lobato-costa' title='Mestrado em Hist\u00f3ria Moderna em concretiza\u00e7\u00e3o por Margarida Lobato Costa'>Mestrado em Hist\u00f3ria Moderna em concretiza\u00e7\u00e3o por Margarida Lobato Costa<\/a><\/h3><\/header><\/div><footer class=\"entry-footer\"><\/footer><\/article><\/div><div data-ajax-id='3992' class=' grid-entry flex_column isotope-item all_sort no_margin post-entry post-entry-3992 grid-entry-overview grid-loop-25 grid-parity-odd  formacao-academica_sort  av_one_fourth first default_av_fullwidth '><article class='main_color inner-entry'  itemscope=\"itemscope\" itemtype=\"https:\/\/schema.org\/CreativeWork\" ><a href=\"https:\/\/arqfam.fcsh.unl.pt\/?portfolio=mestrado-em-historia-moderna-e-dos-descobrimentos-em-concretizacao-por-baltasar-bivar-branco\" title='Mestrado em Hist\u00f3ria Moderna e dos Descobrimentos em concretiza\u00e7\u00e3o por Baltasar Bivar Branco'  data-rel='grid-1' class='grid-image avia-hover-fx'> <img decoding=\"async\" fetchpriority=\"high\" width=\"260\" height=\"185\" src=\"https:\/\/arqfam.fcsh.unl.pt\/wp-content\/uploads\/2018\/12\/Baltasar-260x185.jpg\" class=\"wp-image-4097 avia-img-lazy-loading-not-4097 attachment-portfolio_small size-portfolio_small wp-post-image\" alt=\"\" \/><\/a><div class='grid-content'><div class='avia-arrow'><\/div><header class=\"entry-content-header\"><h3 class='grid-entry-title entry-title '  itemprop=\"headline\" ><a href='https:\/\/arqfam.fcsh.unl.pt\/?portfolio=mestrado-em-historia-moderna-e-dos-descobrimentos-em-concretizacao-por-baltasar-bivar-branco' title='Mestrado em Hist\u00f3ria Moderna e dos Descobrimentos em concretiza\u00e7\u00e3o por Baltasar Bivar Branco'>Mestrado em Hist\u00f3ria Moderna e dos Descobrimentos em concretiza\u00e7\u00e3o por Baltasar Bivar Branco<\/a><\/h3><\/header><\/div><footer class=\"entry-footer\"><\/footer><\/article><\/div><div data-ajax-id='4040' class=' grid-entry flex_column isotope-item all_sort no_margin post-entry post-entry-4040 grid-entry-overview grid-loop-26 grid-parity-even  encontro-cientifico_sort  av_one_fourth  default_av_fullwidth '><article class='main_color inner-entry'  itemscope=\"itemscope\" itemtype=\"https:\/\/schema.org\/CreativeWork\" ><a href=\"https:\/\/arqfam.fcsh.unl.pt\/?portfolio=arquivos-historia-estados-das-artes\" title='Arquivos &#038; Hist\u00f3ria: Estado(s) da(s) Arte(s)'  data-rel='grid-1' class='grid-image avia-hover-fx'> <img decoding=\"async\" fetchpriority=\"high\" width=\"260\" height=\"185\" src=\"https:\/\/arqfam.fcsh.unl.pt\/wp-content\/uploads\/2018\/12\/ARQFAM_2_full-260x185.jpg\" class=\"wp-image-4275 avia-img-lazy-loading-not-4275 attachment-portfolio_small size-portfolio_small wp-post-image\" alt=\"\" \/><\/a><div class='grid-content'><div class='avia-arrow'><\/div><header class=\"entry-content-header\"><h3 class='grid-entry-title entry-title '  itemprop=\"headline\" ><a href='https:\/\/arqfam.fcsh.unl.pt\/?portfolio=arquivos-historia-estados-das-artes' title='Arquivos &#038; Hist\u00f3ria: Estado(s) da(s) Arte(s)'>Arquivos &#038; Hist\u00f3ria: Estado(s) da(s) Arte(s)<\/a><\/h3><\/header><\/div><footer class=\"entry-footer\"><\/footer><\/article><\/div><div data-ajax-id='4051' class=' grid-entry flex_column isotope-item all_sort no_margin post-entry post-entry-4051 grid-entry-overview grid-loop-27 grid-parity-odd  publicacoes-da-equipa_sort  av_one_fourth  default_av_fullwidth '><article class='main_color inner-entry'  itemscope=\"itemscope\" itemtype=\"https:\/\/schema.org\/CreativeWork\" ><a href=\"https:\/\/arqfam.fcsh.unl.pt\/?portfolio=publicacoes-da-equipa\" title='Publica\u00e7\u00f5es da equipa ARQFAM'  data-rel='grid-1' class='grid-image avia-hover-fx'> <img decoding=\"async\" fetchpriority=\"high\" width=\"260\" height=\"185\" src=\"https:\/\/arqfam.fcsh.unl.pt\/wp-content\/uploads\/2018\/12\/PublicacoesEquipa-260x185.jpg\" class=\"wp-image-4248 avia-img-lazy-loading-not-4248 attachment-portfolio_small size-portfolio_small wp-post-image\" alt=\"\" \/><\/a><div class='grid-content'><div class='avia-arrow'><\/div><header class=\"entry-content-header\"><h3 class='grid-entry-title entry-title '  itemprop=\"headline\" ><a href='https:\/\/arqfam.fcsh.unl.pt\/?portfolio=publicacoes-da-equipa' title='Publica\u00e7\u00f5es da equipa ARQFAM'>Publica\u00e7\u00f5es da equipa ARQFAM<\/a><\/h3><\/header><\/div><footer class=\"entry-footer\"><\/footer><\/article><\/div><div data-ajax-id='3353' class=' grid-entry flex_column isotope-item all_sort no_margin post-entry post-entry-3353 grid-entry-overview grid-loop-28 grid-parity-even  difusao-sensibilizacao_sort  av_one_fourth  default_av_fullwidth '><article class='main_color inner-entry'  itemscope=\"itemscope\" itemtype=\"https:\/\/schema.org\/CreativeWork\" ><a href=\"https:\/\/arqfam.fcsh.unl.pt\/?portfolio=ica%e2%80%90atom-no-projecto-invent-arq\" title='ICA\u2010AtoM no projeto INVENT.ARQ'  data-rel='grid-1' class='grid-image avia-hover-fx'> <img decoding=\"async\" fetchpriority=\"high\" width=\"260\" height=\"185\" src=\"https:\/\/arqfam.fcsh.unl.pt\/wp-content\/uploads\/2015\/03\/difundir_3-260x185.jpg\" class=\"wp-image-3404 avia-img-lazy-loading-not-3404 attachment-portfolio_small size-portfolio_small wp-post-image\" alt=\"\" \/><\/a><div class='grid-content'><div class='avia-arrow'><\/div><header class=\"entry-content-header\"><h3 class='grid-entry-title entry-title '  itemprop=\"headline\" ><a href='https:\/\/arqfam.fcsh.unl.pt\/?portfolio=ica%e2%80%90atom-no-projecto-invent-arq' title='ICA\u2010AtoM no projeto INVENT.ARQ'>ICA\u2010AtoM no projeto INVENT.ARQ<\/a><\/h3><\/header><\/div><footer class=\"entry-footer\"><\/footer><\/article><\/div><div data-ajax-id='3331' class=' grid-entry flex_column isotope-item all_sort no_margin post-entry post-entry-3331 grid-entry-overview grid-loop-29 grid-parity-odd  encontro-cientifico_sort  av_one_fourth first default_av_fullwidth '><article class='main_color inner-entry'  itemscope=\"itemscope\" itemtype=\"https:\/\/schema.org\/CreativeWork\" ><a href=\"https:\/\/arqfam.fcsh.unl.pt\/?portfolio=invent-arq-fam\" title='Invent\u00e1rios de arquivos de fam\u00edlia'  data-rel='grid-1' class='grid-image avia-hover-fx'> <img decoding=\"async\" fetchpriority=\"high\" width=\"260\" height=\"185\" src=\"https:\/\/arqfam.fcsh.unl.pt\/wp-content\/uploads\/2015\/02\/encontro_inventariosarquivos-260x185.jpg\" class=\"wp-image-3405 avia-img-lazy-loading-not-3405 attachment-portfolio_small size-portfolio_small wp-post-image\" alt=\"\" \/><\/a><div class='grid-content'><div class='avia-arrow'><\/div><header class=\"entry-content-header\"><h3 class='grid-entry-title entry-title '  itemprop=\"headline\" ><a href='https:\/\/arqfam.fcsh.unl.pt\/?portfolio=invent-arq-fam' title='Invent\u00e1rios de arquivos de fam\u00edlia'>Invent\u00e1rios de arquivos de fam\u00edlia<\/a><\/h3><\/header><\/div><footer class=\"entry-footer\"><\/footer><\/article><\/div><div data-ajax-id='3521' class=' grid-entry flex_column isotope-item all_sort no_margin post-entry post-entry-3521 grid-entry-overview grid-loop-30 grid-parity-even  investigacao_sort  av_one_fourth  default_av_fullwidth '><article class='main_color inner-entry'  itemscope=\"itemscope\" itemtype=\"https:\/\/schema.org\/CreativeWork\" ><a href=\"https:\/\/arqfam.fcsh.unl.pt\/?portfolio=reconstructing-noble-family-archives-remaking-family-histories\" title='Reconstructing noble family archives, remaking family histories'  data-rel='grid-1' class='grid-image avia-hover-fx'> <img decoding=\"async\" fetchpriority=\"high\" width=\"260\" height=\"185\" src=\"https:\/\/arqfam.fcsh.unl.pt\/wp-content\/uploads\/2015\/01\/Princeton-260x185.jpg\" class=\"wp-image-3568 avia-img-lazy-loading-not-3568 attachment-portfolio_small size-portfolio_small wp-post-image\" alt=\"\" \/><\/a><div class='grid-content'><div class='avia-arrow'><\/div><header class=\"entry-content-header\"><h3 class='grid-entry-title entry-title '  itemprop=\"headline\" ><a href='https:\/\/arqfam.fcsh.unl.pt\/?portfolio=reconstructing-noble-family-archives-remaking-family-histories' title='Reconstructing noble family archives, remaking family histories'>Reconstructing noble family archives, remaking family histories<\/a><\/h3><\/header><\/div><footer class=\"entry-footer\"><\/footer><\/article><\/div><div data-ajax-id='3352' class=' grid-entry flex_column isotope-item all_sort no_margin post-entry post-entry-3352 grid-entry-overview grid-loop-31 grid-parity-odd  livros-editados_sort  av_one_fourth  default_av_fullwidth '><article class='main_color inner-entry'  itemscope=\"itemscope\" itemtype=\"https:\/\/schema.org\/CreativeWork\" ><a href=\"https:\/\/arqfam.fcsh.unl.pt\/?portfolio=arquivos-de-familia-memorias-habitadas\" title='Arquivos de fam\u00edlia: mem\u00f3rias habitadas'  data-rel='grid-1' class='grid-image avia-hover-fx'> <img decoding=\"async\" fetchpriority=\"high\" width=\"260\" height=\"185\" src=\"https:\/\/arqfam.fcsh.unl.pt\/wp-content\/uploads\/2014\/12\/publicacao_guia-260x185.jpg\" class=\"wp-image-3406 avia-img-lazy-loading-not-3406 attachment-portfolio_small size-portfolio_small wp-post-image\" alt=\"\" \/><\/a><div class='grid-content'><div class='avia-arrow'><\/div><header class=\"entry-content-header\"><h3 class='grid-entry-title entry-title '  itemprop=\"headline\" ><a href='https:\/\/arqfam.fcsh.unl.pt\/?portfolio=arquivos-de-familia-memorias-habitadas' title='Arquivos de fam\u00edlia: mem\u00f3rias habitadas'>Arquivos de fam\u00edlia: mem\u00f3rias habitadas<\/a><\/h3><\/header><\/div><footer class=\"entry-footer\"><\/footer><\/article><\/div><div data-ajax-id='3519' class=' grid-entry flex_column isotope-item all_sort no_margin post-entry post-entry-3519 grid-entry-overview grid-loop-32 grid-parity-even  difusao-sensibilizacao_sort  av_one_fourth  default_av_fullwidth '><article class='main_color inner-entry'  itemscope=\"itemscope\" itemtype=\"https:\/\/schema.org\/CreativeWork\" ><a href=\"https:\/\/arqfam.fcsh.unl.pt\/?portfolio=arquivos-familiares-valorizacao-de-um-patrimonio-em-risco\" title='Arquivos familiares. Valoriza\u00e7\u00e3o de um patrim\u00f3nio em risco'  data-rel='grid-1' class='grid-image avia-hover-fx'> <img decoding=\"async\" fetchpriority=\"high\" width=\"260\" height=\"185\" src=\"https:\/\/arqfam.fcsh.unl.pt\/wp-content\/uploads\/2014\/11\/Arquivos-familiares-260x185.jpg\" class=\"wp-image-3574 avia-img-lazy-loading-not-3574 attachment-portfolio_small size-portfolio_small wp-post-image\" alt=\"\" \/><\/a><div class='grid-content'><div class='avia-arrow'><\/div><header class=\"entry-content-header\"><h3 class='grid-entry-title entry-title '  itemprop=\"headline\" ><a href='https:\/\/arqfam.fcsh.unl.pt\/?portfolio=arquivos-familiares-valorizacao-de-um-patrimonio-em-risco' title='Arquivos familiares. Valoriza\u00e7\u00e3o de um patrim\u00f3nio em risco'>Arquivos familiares. Valoriza\u00e7\u00e3o de um patrim\u00f3nio em risco<\/a><\/h3><\/header><\/div><footer class=\"entry-footer\"><\/footer><\/article><\/div><div data-ajax-id='3517' class=' grid-entry flex_column isotope-item all_sort no_margin post-entry post-entry-3517 grid-entry-overview grid-loop-33 grid-parity-odd  difusao-sensibilizacao_sort  av_one_fourth first default_av_fullwidth '><article class='main_color inner-entry'  itemscope=\"itemscope\" itemtype=\"https:\/\/schema.org\/CreativeWork\" ><a href=\"https:\/\/arqfam.fcsh.unl.pt\/?portfolio=arquivos-de-familia-arquivos-de-comunidades\" title='Arquivos de fam\u00edlia, arquivos de comunidades'  data-rel='grid-1' class='grid-image avia-hover-fx'> <img decoding=\"async\" fetchpriority=\"high\" width=\"260\" height=\"185\" src=\"https:\/\/arqfam.fcsh.unl.pt\/wp-content\/uploads\/2014\/09\/Entre-arquivos-260x185.jpg\" class=\"wp-image-3573 avia-img-lazy-loading-not-3573 attachment-portfolio_small size-portfolio_small wp-post-image\" alt=\"\" \/><\/a><div class='grid-content'><div class='avia-arrow'><\/div><header class=\"entry-content-header\"><h3 class='grid-entry-title entry-title '  itemprop=\"headline\" ><a href='https:\/\/arqfam.fcsh.unl.pt\/?portfolio=arquivos-de-familia-arquivos-de-comunidades' title='Arquivos de fam\u00edlia, arquivos de comunidades'>Arquivos de fam\u00edlia, arquivos de comunidades<\/a><\/h3><\/header><\/div><footer class=\"entry-footer\"><\/footer><\/article><\/div><div data-ajax-id='3355' class=' grid-entry flex_column isotope-item all_sort no_margin post-entry post-entry-3355 grid-entry-overview grid-loop-34 grid-parity-even  investigacao_sort  av_one_fourth  default_av_fullwidth '><article class='main_color inner-entry'  itemscope=\"itemscope\" itemtype=\"https:\/\/schema.org\/CreativeWork\" ><a href=\"https:\/\/arqfam.fcsh.unl.pt\/?portfolio=inventarq\" title='Projeto INVENT.ARQ'  data-rel='grid-1' class='grid-image avia-hover-fx'> <img decoding=\"async\" fetchpriority=\"high\" width=\"260\" height=\"185\" src=\"https:\/\/arqfam.fcsh.unl.pt\/wp-content\/uploads\/2014\/01\/projeto_inventarq-260x185.jpg\" class=\"wp-image-3408 avia-img-lazy-loading-not-3408 attachment-portfolio_small size-portfolio_small wp-post-image\" alt=\"\" \/><\/a><div class='grid-content'><div class='avia-arrow'><\/div><header class=\"entry-content-header\"><h3 class='grid-entry-title entry-title '  itemprop=\"headline\" ><a href='https:\/\/arqfam.fcsh.unl.pt\/?portfolio=inventarq' title='Projeto INVENT.ARQ'>Projeto INVENT.ARQ<\/a><\/h3><\/header><\/div><footer class=\"entry-footer\"><\/footer><\/article><\/div><div data-ajax-id='3515' class=' grid-entry flex_column isotope-item all_sort no_margin post-entry post-entry-3515 grid-entry-overview grid-loop-35 grid-parity-odd  difusao-sensibilizacao_sort  av_one_fourth  default_av_fullwidth '><article class='main_color inner-entry'  itemscope=\"itemscope\" itemtype=\"https:\/\/schema.org\/CreativeWork\" ><a href=\"https:\/\/arqfam.fcsh.unl.pt\/?portfolio=memoria-e-arquivos-uma-relacao-perigosa\" title='Mem\u00f3ria e arquivos &#8211; uma rela\u00e7\u00e3o perigosa?'  data-rel='grid-1' class='grid-image avia-hover-fx'> <img decoding=\"async\" fetchpriority=\"high\" width=\"260\" height=\"185\" src=\"https:\/\/arqfam.fcsh.unl.pt\/wp-content\/uploads\/2014\/03\/Workshop-arquivistica-260x185.jpg\" class=\"wp-image-3572 avia-img-lazy-loading-not-3572 attachment-portfolio_small size-portfolio_small wp-post-image\" alt=\"\" \/><\/a><div class='grid-content'><div class='avia-arrow'><\/div><header class=\"entry-content-header\"><h3 class='grid-entry-title entry-title '  itemprop=\"headline\" ><a href='https:\/\/arqfam.fcsh.unl.pt\/?portfolio=memoria-e-arquivos-uma-relacao-perigosa' title='Mem\u00f3ria e arquivos &#8211; uma rela\u00e7\u00e3o perigosa?'>Mem\u00f3ria e arquivos &#8211; uma rela\u00e7\u00e3o perigosa?<\/a><\/h3><\/header><\/div><footer class=\"entry-footer\"><\/footer><\/article><\/div><div data-ajax-id='3351' class=' grid-entry flex_column isotope-item all_sort no_margin post-entry post-entry-3351 grid-entry-overview grid-loop-36 grid-parity-even  livros-editados_sort  av_one_fourth  default_av_fullwidth '><article class='main_color inner-entry'  itemscope=\"itemscope\" itemtype=\"https:\/\/schema.org\/CreativeWork\" ><a href=\"https:\/\/arqfam.fcsh.unl.pt\/?portfolio=d-alvaro-da-costa-e-a-sua-descendencia-secs-xv-xvii\" title='D. \u00c1lvaro da Costa e a sua descend\u00eancia, s\u00e9cs. XV-XVII'  data-rel='grid-1' class='grid-image avia-hover-fx'> <img decoding=\"async\" fetchpriority=\"high\" width=\"260\" height=\"185\" src=\"https:\/\/arqfam.fcsh.unl.pt\/wp-content\/uploads\/2014\/02\/publicacao_dalvarocosta-260x185.jpg\" class=\"wp-image-3407 avia-img-lazy-loading-not-3407 attachment-portfolio_small size-portfolio_small wp-post-image\" alt=\"\" \/><\/a><div class='grid-content'><div class='avia-arrow'><\/div><header class=\"entry-content-header\"><h3 class='grid-entry-title entry-title '  itemprop=\"headline\" ><a href='https:\/\/arqfam.fcsh.unl.pt\/?portfolio=d-alvaro-da-costa-e-a-sua-descendencia-secs-xv-xvii' title='D. \u00c1lvaro da Costa e a sua descend\u00eancia, s\u00e9cs. XV-XVII'>D. \u00c1lvaro da Costa e a sua descend\u00eancia, s\u00e9cs. XV-XVII<\/a><\/h3><\/header><\/div><footer class=\"entry-footer\"><\/footer><\/article><\/div><div data-ajax-id='3333' class=' grid-entry flex_column isotope-item all_sort no_margin post-entry post-entry-3333 grid-entry-overview grid-loop-37 grid-parity-odd  encontro-cientifico_sort  av_one_fourth first default_av_fullwidth '><article class='main_color inner-entry'  itemscope=\"itemscope\" itemtype=\"https:\/\/schema.org\/CreativeWork\" ><a href=\"https:\/\/arqfam.fcsh.unl.pt\/?portfolio=formacao-ica-atom\" title='Encontro de forma\u00e7\u00e3o em ICA-AtoM'  data-rel='grid-1' class='grid-image avia-hover-fx'> <img decoding=\"async\" fetchpriority=\"high\" width=\"260\" height=\"185\" src=\"https:\/\/arqfam.fcsh.unl.pt\/wp-content\/uploads\/2015\/03\/formacao_ica-atom-260x185.jpg\" class=\"wp-image-3403 avia-img-lazy-loading-not-3403 attachment-portfolio_small size-portfolio_small wp-post-image\" alt=\"\" \/><\/a><div class='grid-content'><div class='avia-arrow'><\/div><header class=\"entry-content-header\"><h3 class='grid-entry-title entry-title '  itemprop=\"headline\" ><a href='https:\/\/arqfam.fcsh.unl.pt\/?portfolio=formacao-ica-atom' title='Encontro de forma\u00e7\u00e3o em ICA-AtoM'>Encontro de forma\u00e7\u00e3o em ICA-AtoM<\/a><\/h3><\/header><\/div><footer class=\"entry-footer\"><\/footer><\/article><\/div><div data-ajax-id='3513' class=' grid-entry flex_column isotope-item all_sort no_margin post-entry post-entry-3513 grid-entry-overview grid-loop-38 grid-parity-even  difusao-sensibilizacao_sort  av_one_fourth  default_av_fullwidth '><article class='main_color inner-entry'  itemscope=\"itemscope\" itemtype=\"https:\/\/schema.org\/CreativeWork\" ><a href=\"https:\/\/arqfam.fcsh.unl.pt\/?portfolio=arquivos-de-familia-memoria-de-silencios\" title='Os arquivos de fam\u00edlia, mem\u00f3ria de sil\u00eancios'  data-rel='grid-1' class='grid-image avia-hover-fx'> <img decoding=\"async\" fetchpriority=\"high\" width=\"260\" height=\"185\" src=\"https:\/\/arqfam.fcsh.unl.pt\/wp-content\/uploads\/2012\/10\/FEA-260x185.jpg\" class=\"wp-image-3570 avia-img-lazy-loading-not-3570 attachment-portfolio_small size-portfolio_small wp-post-image\" alt=\"\" \/><\/a><div class='grid-content'><div class='avia-arrow'><\/div><header class=\"entry-content-header\"><h3 class='grid-entry-title entry-title '  itemprop=\"headline\" ><a href='https:\/\/arqfam.fcsh.unl.pt\/?portfolio=arquivos-de-familia-memoria-de-silencios' title='Os arquivos de fam\u00edlia, mem\u00f3ria de sil\u00eancios'>Os arquivos de fam\u00edlia, mem\u00f3ria de sil\u00eancios<\/a><\/h3><\/header><\/div><footer class=\"entry-footer\"><\/footer><\/article><\/div><div data-ajax-id='3350' class=' grid-entry flex_column isotope-item all_sort no_margin post-entry post-entry-3350 grid-entry-overview grid-loop-39 grid-parity-odd  investigacao_sort  av_one_fourth  default_av_fullwidth '><article class='main_color inner-entry'  itemscope=\"itemscope\" itemtype=\"https:\/\/schema.org\/CreativeWork\" ><a href=\"https:\/\/arqfam.fcsh.unl.pt\/?portfolio=archifam\" title='Programa ARCHIFAM'  data-rel='grid-1' class='grid-image avia-hover-fx'> <img decoding=\"async\" fetchpriority=\"high\" width=\"260\" height=\"185\" src=\"https:\/\/arqfam.fcsh.unl.pt\/wp-content\/uploads\/2013\/01\/projeto_archifam-260x185.jpg\" class=\"wp-image-3427 avia-img-lazy-loading-not-3427 attachment-portfolio_small size-portfolio_small wp-post-image\" alt=\"\" \/><\/a><div class='grid-content'><div class='avia-arrow'><\/div><header class=\"entry-content-header\"><h3 class='grid-entry-title entry-title '  itemprop=\"headline\" ><a href='https:\/\/arqfam.fcsh.unl.pt\/?portfolio=archifam' title='Programa ARCHIFAM'>Programa ARCHIFAM<\/a><\/h3><\/header><\/div><footer class=\"entry-footer\"><\/footer><\/article><\/div><div data-ajax-id='3511' class=' grid-entry flex_column isotope-item all_sort no_margin post-entry post-entry-3511 grid-entry-overview grid-loop-40 grid-parity-even  difusao-sensibilizacao_sort  av_one_fourth  default_av_fullwidth '><article class='main_color inner-entry'  itemscope=\"itemscope\" itemtype=\"https:\/\/schema.org\/CreativeWork\" ><a href=\"https:\/\/arqfam.fcsh.unl.pt\/?portfolio=arquivos-de-comunidades-no-portugal-do-seculo-xxi\" title='Arquivos de comunidades no Portugal do s\u00e9culo XXI'  data-rel='grid-1' class='grid-image avia-hover-fx'> <img decoding=\"async\" fetchpriority=\"high\" width=\"260\" height=\"185\" src=\"https:\/\/arqfam.fcsh.unl.pt\/wp-content\/uploads\/2012\/10\/Entre-paradigmas-260x185.jpg\" class=\"wp-image-3571 avia-img-lazy-loading-not-3571 attachment-portfolio_small size-portfolio_small wp-post-image\" alt=\"\" \/><\/a><div class='grid-content'><div class='avia-arrow'><\/div><header class=\"entry-content-header\"><h3 class='grid-entry-title entry-title '  itemprop=\"headline\" ><a href='https:\/\/arqfam.fcsh.unl.pt\/?portfolio=arquivos-de-comunidades-no-portugal-do-seculo-xxi' title='Arquivos de comunidades no Portugal do s\u00e9culo XXI'>Arquivos de comunidades no Portugal do s\u00e9culo XXI<\/a><\/h3><\/header><\/div><footer class=\"entry-footer\"><\/footer><\/article><\/div><div data-ajax-id='3335' class=' grid-entry flex_column isotope-item all_sort no_margin post-entry post-entry-3335 grid-entry-overview grid-loop-41 grid-parity-odd  encontro-cientifico_sort  av_one_fourth first default_av_fullwidth '><article class='main_color inner-entry'  itemscope=\"itemscope\" itemtype=\"https:\/\/schema.org\/CreativeWork\" ><a href=\"https:\/\/arqfam.fcsh.unl.pt\/?portfolio=hist-arq-inf\" title='Hist\u00f3ria dos arquivos e da informa\u00e7\u00e3o'  data-rel='grid-1' class='grid-image avia-hover-fx'> <img decoding=\"async\" fetchpriority=\"high\" width=\"260\" height=\"185\" src=\"https:\/\/arqfam.fcsh.unl.pt\/wp-content\/uploads\/2012\/06\/encontro_arquivosinformacao-260x185.jpg\" class=\"wp-image-3409 avia-img-lazy-loading-not-3409 attachment-portfolio_small size-portfolio_small wp-post-image\" alt=\"\" \/><\/a><div class='grid-content'><div class='avia-arrow'><\/div><header class=\"entry-content-header\"><h3 class='grid-entry-title entry-title '  itemprop=\"headline\" ><a href='https:\/\/arqfam.fcsh.unl.pt\/?portfolio=hist-arq-inf' title='Hist\u00f3ria dos arquivos e da informa\u00e7\u00e3o'>Hist\u00f3ria dos arquivos e da informa\u00e7\u00e3o<\/a><\/h3><\/header><\/div><footer class=\"entry-footer\"><\/footer><\/article><\/div><div data-ajax-id='3349' class=' grid-entry flex_column isotope-item all_sort no_margin post-entry post-entry-3349 grid-entry-overview grid-loop-42 grid-parity-even  livros-editados_sort  av_one_fourth  default_av_fullwidth '><article class='main_color inner-entry'  itemscope=\"itemscope\" itemtype=\"https:\/\/schema.org\/CreativeWork\" ><a href=\"https:\/\/arqfam.fcsh.unl.pt\/?portfolio=arquivos-de-familia-seculos-xiii-xx\" title='Arquivos de fam\u00edlia, s\u00e9culos XIII-XX'  data-rel='grid-1' class='grid-image avia-hover-fx'> <img decoding=\"async\" fetchpriority=\"high\" width=\"260\" height=\"185\" src=\"https:\/\/arqfam.fcsh.unl.pt\/wp-content\/uploads\/2012\/06\/publicacao_arquivos-260x185.jpg\" class=\"wp-image-3410 avia-img-lazy-loading-not-3410 attachment-portfolio_small size-portfolio_small wp-post-image\" alt=\"\" \/><\/a><div class='grid-content'><div class='avia-arrow'><\/div><header class=\"entry-content-header\"><h3 class='grid-entry-title entry-title '  itemprop=\"headline\" ><a href='https:\/\/arqfam.fcsh.unl.pt\/?portfolio=arquivos-de-familia-seculos-xiii-xx' title='Arquivos de fam\u00edlia, s\u00e9culos XIII-XX'>Arquivos de fam\u00edlia, s\u00e9culos XIII-XX<\/a><\/h3><\/header><\/div><footer class=\"entry-footer\"><\/footer><\/article><\/div><div data-ajax-id='3348' class=' grid-entry flex_column isotope-item all_sort no_margin post-entry post-entry-3348 grid-entry-overview grid-loop-43 grid-parity-odd  difusao-sensibilizacao_sort  av_one_fourth  default_av_fullwidth '><article class='main_color inner-entry'  itemscope=\"itemscope\" itemtype=\"https:\/\/schema.org\/CreativeWork\" ><a href=\"https:\/\/arqfam.fcsh.unl.pt\/?portfolio=painel-arquivos-e-documentacao-familiares\" title='Arquivos e documenta\u00e7\u00e3o familiares'  data-rel='grid-1' class='grid-image avia-hover-fx'> <img decoding=\"async\" fetchpriority=\"high\" width=\"260\" height=\"185\" src=\"https:\/\/arqfam.fcsh.unl.pt\/wp-content\/uploads\/2011\/12\/difundir-260x185.jpg\" class=\"wp-image-3412 avia-img-lazy-loading-not-3412 attachment-portfolio_small size-portfolio_small wp-post-image\" alt=\"\" \/><\/a><div class='grid-content'><div class='avia-arrow'><\/div><header class=\"entry-content-header\"><h3 class='grid-entry-title entry-title '  itemprop=\"headline\" ><a href='https:\/\/arqfam.fcsh.unl.pt\/?portfolio=painel-arquivos-e-documentacao-familiares' title='Arquivos e documenta\u00e7\u00e3o familiares'>Arquivos e documenta\u00e7\u00e3o familiares<\/a><\/h3><\/header><\/div><footer class=\"entry-footer\"><\/footer><\/article><\/div><div data-ajax-id='3347' class=' grid-entry flex_column isotope-item all_sort no_margin post-entry post-entry-3347 grid-entry-overview grid-loop-44 grid-parity-even  difusao-sensibilizacao_sort  av_one_fourth  default_av_fullwidth '><article class='main_color inner-entry'  itemscope=\"itemscope\" itemtype=\"https:\/\/schema.org\/CreativeWork\" ><a href=\"https:\/\/arqfam.fcsh.unl.pt\/?portfolio=painel-arquivos-de-familia-em-goa\" title='Arquivos de fam\u00edlia em Goa'  data-rel='grid-1' class='grid-image avia-hover-fx'> <img decoding=\"async\" fetchpriority=\"high\" width=\"260\" height=\"185\" src=\"https:\/\/arqfam.fcsh.unl.pt\/wp-content\/uploads\/2011\/10\/difundir_2-260x185.jpg\" class=\"wp-image-3413 avia-img-lazy-loading-not-3413 attachment-portfolio_small size-portfolio_small wp-post-image\" alt=\"\" \/><\/a><div class='grid-content'><div class='avia-arrow'><\/div><header class=\"entry-content-header\"><h3 class='grid-entry-title entry-title '  itemprop=\"headline\" ><a href='https:\/\/arqfam.fcsh.unl.pt\/?portfolio=painel-arquivos-de-familia-em-goa' title='Arquivos de fam\u00edlia em Goa'>Arquivos de fam\u00edlia em Goa<\/a><\/h3><\/header><\/div><footer class=\"entry-footer\"><\/footer><\/article><\/div><div data-ajax-id='3346' class=' grid-entry flex_column isotope-item all_sort no_margin post-entry post-entry-3346 grid-entry-overview grid-loop-45 grid-parity-odd  difusao-sensibilizacao_sort  av_one_fourth first default_av_fullwidth '><article class='main_color inner-entry'  itemscope=\"itemscope\" itemtype=\"https:\/\/schema.org\/CreativeWork\" ><a href=\"https:\/\/arqfam.fcsh.unl.pt\/?portfolio=a-familia-identidade-memoria-historia\" title='A fam\u00edlia: identidade, mem\u00f3ria, hist\u00f3ria'  data-rel='grid-1' class='grid-image avia-hover-fx'> <img decoding=\"async\" fetchpriority=\"high\" width=\"260\" height=\"185\" src=\"https:\/\/arqfam.fcsh.unl.pt\/wp-content\/uploads\/2011\/09\/formacao_afamilia-260x185.jpg\" class=\"wp-image-3414 avia-img-lazy-loading-not-3414 attachment-portfolio_small size-portfolio_small wp-post-image\" alt=\"\" \/><\/a><div class='grid-content'><div class='avia-arrow'><\/div><header class=\"entry-content-header\"><h3 class='grid-entry-title entry-title '  itemprop=\"headline\" ><a href='https:\/\/arqfam.fcsh.unl.pt\/?portfolio=a-familia-identidade-memoria-historia' title='A fam\u00edlia: identidade, mem\u00f3ria, hist\u00f3ria'>A fam\u00edlia: identidade, mem\u00f3ria, hist\u00f3ria<\/a><\/h3><\/header><\/div><footer class=\"entry-footer\"><\/footer><\/article><\/div><div data-ajax-id='3343' class=' grid-entry flex_column isotope-item all_sort no_margin post-entry post-entry-3343 grid-entry-overview grid-loop-46 grid-parity-even  encontro-cientifico_sort  av_one_fourth  default_av_fullwidth '><article class='main_color inner-entry'  itemscope=\"itemscope\" itemtype=\"https:\/\/schema.org\/CreativeWork\" ><a href=\"https:\/\/arqfam.fcsh.unl.pt\/?portfolio=alvaro-da-costa\" title='D. \u00c1lvaro da Costa e a sua descend\u00eancia, s\u00e9cs. XV-XVII'  data-rel='grid-1' class='grid-image avia-hover-fx'> <img decoding=\"async\" fetchpriority=\"high\" width=\"260\" height=\"185\" src=\"https:\/\/arqfam.fcsh.unl.pt\/wp-content\/uploads\/2015\/04\/encontro_alvarodacosta-260x185.jpg\" class=\"wp-image-3411 avia-img-lazy-loading-not-3411 attachment-portfolio_small size-portfolio_small wp-post-image\" alt=\"\" \/><\/a><div class='grid-content'><div class='avia-arrow'><\/div><header class=\"entry-content-header\"><h3 class='grid-entry-title entry-title '  itemprop=\"headline\" ><a href='https:\/\/arqfam.fcsh.unl.pt\/?portfolio=alvaro-da-costa' title='D. \u00c1lvaro da Costa e a sua descend\u00eancia, s\u00e9cs. XV-XVII'>D. \u00c1lvaro da Costa e a sua descend\u00eancia, s\u00e9cs. XV-XVII<\/a><\/h3><\/header><\/div><footer class=\"entry-footer\"><\/footer><\/article><\/div><div data-ajax-id='3402' class=' grid-entry flex_column isotope-item all_sort no_margin post-entry post-entry-3402 grid-entry-overview grid-loop-47 grid-parity-odd  difusao-sensibilizacao_sort  av_one_fourth  default_av_fullwidth '><article class='main_color inner-entry'  itemscope=\"itemscope\" itemtype=\"https:\/\/schema.org\/CreativeWork\" ><a href=\"https:\/\/arqfam.fcsh.unl.pt\/?portfolio=a-organizacao-dos-arquivos-familiares\" title='A organiza\u00e7\u00e3o dos arquivos familiares'  data-rel='grid-1' class='grid-image avia-hover-fx'> <img decoding=\"async\" fetchpriority=\"high\" width=\"260\" height=\"185\" src=\"https:\/\/arqfam.fcsh.unl.pt\/wp-content\/uploads\/2011\/01\/workshop-organizacao-arquivos-260x185.jpg\" class=\"wp-image-3575 avia-img-lazy-loading-not-3575 attachment-portfolio_small size-portfolio_small wp-post-image\" alt=\"\" \/><\/a><div class='grid-content'><div class='avia-arrow'><\/div><header class=\"entry-content-header\"><h3 class='grid-entry-title entry-title '  itemprop=\"headline\" ><a href='https:\/\/arqfam.fcsh.unl.pt\/?portfolio=a-organizacao-dos-arquivos-familiares' title='A organiza\u00e7\u00e3o dos arquivos familiares'>A organiza\u00e7\u00e3o dos arquivos familiares<\/a><\/h3><\/header><\/div><footer class=\"entry-footer\"><\/footer><\/article><\/div><div data-ajax-id='3390' class=' grid-entry flex_column isotope-item all_sort no_margin post-entry post-entry-3390 grid-entry-overview grid-loop-48 grid-parity-even  encontro-cientifico_sort  av_one_fourth  default_av_fullwidth '><article class='main_color inner-entry'  itemscope=\"itemscope\" itemtype=\"https:\/\/schema.org\/CreativeWork\" ><a href=\"https:\/\/arqfam.fcsh.unl.pt\/?portfolio=arquivos-de-familia-seculos-xiii-xix\" title='Arquivos de fam\u00edlia, s\u00e9culos XIII-XIX'  data-rel='grid-1' class='grid-image avia-hover-fx'> <img decoding=\"async\" fetchpriority=\"high\" width=\"260\" height=\"185\" src=\"https:\/\/arqfam.fcsh.unl.pt\/wp-content\/uploads\/2010\/10\/encontro_arquivospresentefuturo-260x185.jpg\" class=\"wp-image-3416 avia-img-lazy-loading-not-3416 attachment-portfolio_small size-portfolio_small wp-post-image\" alt=\"\" \/><\/a><div class='grid-content'><div class='avia-arrow'><\/div><header class=\"entry-content-header\"><h3 class='grid-entry-title entry-title '  itemprop=\"headline\" ><a href='https:\/\/arqfam.fcsh.unl.pt\/?portfolio=arquivos-de-familia-seculos-xiii-xix' title='Arquivos de fam\u00edlia, s\u00e9culos XIII-XIX'>Arquivos de fam\u00edlia, s\u00e9culos XIII-XIX<\/a><\/h3><\/header><\/div><footer class=\"entry-footer\"><\/footer><\/article><\/div><div data-ajax-id='3509' class=' grid-entry flex_column isotope-item all_sort no_margin post-entry post-entry-3509 grid-entry-overview grid-loop-49 grid-parity-odd  difusao-sensibilizacao_sort  av_one_fourth first default_av_fullwidth '><article class='main_color inner-entry'  itemscope=\"itemscope\" itemtype=\"https:\/\/schema.org\/CreativeWork\" ><a href=\"https:\/\/arqfam.fcsh.unl.pt\/?portfolio=arquivos-de-familia-e-investigacao\" title='Arquivos de fam\u00edlia e investiga\u00e7\u00e3o hist\u00f3rica em Portugal'  data-rel='grid-1' class='grid-image avia-hover-fx'> <img decoding=\"async\" fetchpriority=\"high\" width=\"260\" height=\"185\" src=\"https:\/\/arqfam.fcsh.unl.pt\/wp-content\/uploads\/2010\/09\/UFRRJ-260x185.jpg\" class=\"wp-image-3569 avia-img-lazy-loading-not-3569 attachment-portfolio_small size-portfolio_small wp-post-image\" alt=\"\" \/><\/a><div class='grid-content'><div class='avia-arrow'><\/div><header class=\"entry-content-header\"><h3 class='grid-entry-title entry-title '  itemprop=\"headline\" ><a href='https:\/\/arqfam.fcsh.unl.pt\/?portfolio=arquivos-de-familia-e-investigacao' title='Arquivos de fam\u00edlia e investiga\u00e7\u00e3o hist\u00f3rica em Portugal'>Arquivos de fam\u00edlia e investiga\u00e7\u00e3o hist\u00f3rica em Portugal<\/a><\/h3><\/header><\/div><footer class=\"entry-footer\"><\/footer><\/article><\/div><div data-ajax-id='3345' class=' grid-entry flex_column isotope-item all_sort no_margin post-entry post-entry-3345 grid-entry-overview grid-loop-50 grid-parity-even  difusao-sensibilizacao_sort  av_one_fourth  default_av_fullwidth '><article class='main_color inner-entry'  itemscope=\"itemscope\" itemtype=\"https:\/\/schema.org\/CreativeWork\" ><a href=\"https:\/\/arqfam.fcsh.unl.pt\/?portfolio=heraldica-genealogia-e-arquivos-de-familia\" title='Her\u00e1ldica, genealogia e arquivos de fam\u00edlia'  data-rel='grid-1' class='grid-image avia-hover-fx'> <img decoding=\"async\" fetchpriority=\"high\" width=\"260\" height=\"185\" src=\"https:\/\/arqfam.fcsh.unl.pt\/wp-content\/uploads\/2010\/03\/formacao_heraldica-260x185.jpg\" class=\"wp-image-3419 avia-img-lazy-loading-not-3419 attachment-portfolio_small size-portfolio_small wp-post-image\" alt=\"\" \/><\/a><div class='grid-content'><div class='avia-arrow'><\/div><header class=\"entry-content-header\"><h3 class='grid-entry-title entry-title '  itemprop=\"headline\" ><a href='https:\/\/arqfam.fcsh.unl.pt\/?portfolio=heraldica-genealogia-e-arquivos-de-familia' title='Her\u00e1ldica, genealogia e arquivos de fam\u00edlia'>Her\u00e1ldica, genealogia e arquivos de fam\u00edlia<\/a><\/h3><\/header><\/div><footer class=\"entry-footer\"><\/footer><\/article><\/div><div data-ajax-id='3342' class=' grid-entry flex_column isotope-item all_sort no_margin post-entry post-entry-3342 grid-entry-overview grid-loop-51 grid-parity-odd  encontro-cientifico_sort  av_one_fourth  default_av_fullwidth '><article class='main_color inner-entry'  itemscope=\"itemscope\" itemtype=\"https:\/\/schema.org\/CreativeWork\" ><a href=\"https:\/\/arqfam.fcsh.unl.pt\/?portfolio=salvaguarda-valorizacao-arq-fam\" title='Salvaguarda e valoriza\u00e7\u00e3o dos arquivos de fam\u00edlia'  data-rel='grid-1' class='grid-image avia-hover-fx'> <img decoding=\"async\" fetchpriority=\"high\" width=\"260\" height=\"185\" src=\"https:\/\/arqfam.fcsh.unl.pt\/wp-content\/uploads\/2010\/02\/encontro_salvaguarda-260x185.jpg\" class=\"wp-image-3420 avia-img-lazy-loading-not-3420 attachment-portfolio_small size-portfolio_small wp-post-image\" alt=\"\" \/><\/a><div class='grid-content'><div class='avia-arrow'><\/div><header class=\"entry-content-header\"><h3 class='grid-entry-title entry-title '  itemprop=\"headline\" ><a href='https:\/\/arqfam.fcsh.unl.pt\/?portfolio=salvaguarda-valorizacao-arq-fam' title='Salvaguarda e valoriza\u00e7\u00e3o dos arquivos de fam\u00edlia'>Salvaguarda e valoriza\u00e7\u00e3o dos arquivos de fam\u00edlia<\/a><\/h3><\/header><\/div><footer class=\"entry-footer\"><\/footer><\/article><\/div><div data-ajax-id='3340' class=' grid-entry flex_column isotope-item all_sort no_margin post-entry post-entry-3340 grid-entry-overview grid-loop-52 grid-parity-even  encontro-cientifico_sort  av_one_fourth  default_av_fullwidth '><article class='main_color inner-entry'  itemscope=\"itemscope\" itemtype=\"https:\/\/schema.org\/CreativeWork\" ><a href=\"https:\/\/arqfam.fcsh.unl.pt\/?portfolio=arq-fam-inv-hist\" title='Arquivos de fam\u00edlia e investiga\u00e7\u00e3o hist\u00f3rica em Portugal'  data-rel='grid-1' class='grid-image avia-hover-fx'> <img decoding=\"async\" fetchpriority=\"high\" width=\"260\" height=\"185\" src=\"https:\/\/arqfam.fcsh.unl.pt\/wp-content\/uploads\/2009\/11\/encontro_arquivosinvestigacao-260x185.jpg\" class=\"wp-image-3421 avia-img-lazy-loading-not-3421 attachment-portfolio_small size-portfolio_small wp-post-image\" alt=\"\" \/><\/a><div class='grid-content'><div class='avia-arrow'><\/div><header class=\"entry-content-header\"><h3 class='grid-entry-title entry-title '  itemprop=\"headline\" ><a href='https:\/\/arqfam.fcsh.unl.pt\/?portfolio=arq-fam-inv-hist' title='Arquivos de fam\u00edlia e investiga\u00e7\u00e3o hist\u00f3rica em Portugal'>Arquivos de fam\u00edlia e investiga\u00e7\u00e3o hist\u00f3rica em Portugal<\/a><\/h3><\/header><\/div><footer class=\"entry-footer\"><\/footer><\/article><\/div><div data-ajax-id='3338' class=' grid-entry flex_column isotope-item all_sort no_margin post-entry post-entry-3338 grid-entry-overview grid-loop-53 grid-parity-odd  encontro-cientifico_sort  av_one_fourth first default_av_fullwidth '><article class='main_color inner-entry'  itemscope=\"itemscope\" itemtype=\"https:\/\/schema.org\/CreativeWork\" ><a href=\"https:\/\/arqfam.fcsh.unl.pt\/?portfolio=arq-fam-pt\" title='Arquivos de fam\u00edlia em Portugal'  data-rel='grid-1' class='grid-image avia-hover-fx'> <img decoding=\"async\" fetchpriority=\"high\" width=\"260\" height=\"185\" src=\"https:\/\/arqfam.fcsh.unl.pt\/wp-content\/uploads\/2009\/10\/encontro_arquivosemportugal-260x185.jpg\" class=\"wp-image-3423 avia-img-lazy-loading-not-3423 attachment-portfolio_small size-portfolio_small wp-post-image\" alt=\"\" \/><\/a><div class='grid-content'><div class='avia-arrow'><\/div><header class=\"entry-content-header\"><h3 class='grid-entry-title entry-title '  itemprop=\"headline\" ><a href='https:\/\/arqfam.fcsh.unl.pt\/?portfolio=arq-fam-pt' title='Arquivos de fam\u00edlia em Portugal'>Arquivos de fam\u00edlia em Portugal<\/a><\/h3><\/header><\/div><footer class=\"entry-footer\"><\/footer><\/article><\/div><div data-ajax-id='3336' class=' grid-entry flex_column isotope-item all_sort no_margin post-entry post-entry-3336 grid-entry-overview grid-loop-54 grid-parity-even  post-entry-last  encontro-cientifico_sort  av_one_fourth  default_av_fullwidth '><article class='main_color inner-entry'  itemscope=\"itemscope\" itemtype=\"https:\/\/schema.org\/CreativeWork\" ><a href=\"https:\/\/arqfam.fcsh.unl.pt\/?portfolio=arq-fam-medieval-moderna\" title='Arquivos de fam\u00edlia: \u00e9pocas medieval e moderna'  data-rel='grid-1' class='grid-image avia-hover-fx'> <img decoding=\"async\" fetchpriority=\"high\" width=\"260\" height=\"185\" src=\"https:\/\/arqfam.fcsh.unl.pt\/wp-content\/uploads\/2009\/05\/formacao_arquivosdefamilia-260x185.jpg\" class=\"wp-image-3424 avia-img-lazy-loading-not-3424 attachment-portfolio_small size-portfolio_small wp-post-image\" alt=\"\" \/><\/a><div class='grid-content'><div class='avia-arrow'><\/div><header class=\"entry-content-header\"><h3 class='grid-entry-title entry-title '  itemprop=\"headline\" ><a href='https:\/\/arqfam.fcsh.unl.pt\/?portfolio=arq-fam-medieval-moderna' title='Arquivos de fam\u00edlia: \u00e9pocas medieval e moderna'>Arquivos de fam\u00edlia: \u00e9pocas medieval e moderna<\/a><\/h3><\/header><\/div><footer class=\"entry-footer\"><\/footer><\/article><\/div><\/div><\/div>   <!--   class=\"av-portfolio-grid-sorting-container\"  -->\n\n","protected":false},"excerpt":{"rendered":"","protected":false},"author":1,"featured_media":0,"parent":0,"menu_order":0,"comment_status":"closed","ping_status":"closed","template":"","meta":{"footnotes":""},"_links":{"self":[{"href":"https:\/\/arqfam.fcsh.unl.pt\/index.php?rest_route=\/wp\/v2\/pages\/2269"}],"collection":[{"href":"https:\/\/arqfam.fcsh.unl.pt\/index.php?rest_route=\/wp\/v2\/pages"}],"about":[{"href":"https:\/\/arqfam.fcsh.unl.pt\/index.php?rest_route=\/wp\/v2\/types\/page"}],"author":[{"embeddable":true,"href":"https:\/\/arqfam.fcsh.unl.pt\/index.php?rest_route=\/wp\/v2\/users\/1"}],"replies":[{"embeddable":true,"href":"https:\/\/arqfam.fcsh.unl.pt\/index.php?rest_route=%2Fwp%2Fv2%2Fcomments&post=2269"}],"version-history":[{"count":19,"href":"https:\/\/arqfam.fcsh.unl.pt\/index.php?rest_route=\/wp\/v2\/pages\/2269\/revisions"}],"predecessor-version":[{"id":4253,"href":"https:\/\/arqfam.fcsh.unl.pt\/index.php?rest_route=\/wp\/v2\/pages\/2269\/revisions\/4253"}],"wp:attachment":[{"href":"https:\/\/arqfam.fcsh.unl.pt\/index.php?rest_route=%2Fwp%2Fv2%2Fmedia&parent=2269"}],"curies":[{"name":"wp","href":"https:\/\/api.w.org\/{rel}","templated":true}]}}